{"id":710,"date":"2019-08-07T20:40:14","date_gmt":"2019-08-07T20:40:14","guid":{"rendered":"https:\/\/www.tercercongresomundialtransdisciplinariedad.mx\/fr\/?page_id=710"},"modified":"2019-12-06T17:42:05","modified_gmt":"2019-12-06T17:42:05","slug":"simbolo","status":"publish","type":"page","link":"https:\/\/www.tercercongresomundialtransdisciplinariedad.mx\/fr\/simbolo\/","title":{"rendered":"s\u00edmbolo"},"content":{"rendered":"\t\t<div data-elementor-type=\"wp-post\" data-elementor-id=\"710\" class=\"elementor elementor-710\">\n\t\t\t\t\t\t<section class=\"elementor-section elementor-top-section elementor-element elementor-element-7cab9719 elementor-section-height-min-height elementor-section-boxed elementor-section-height-default elementor-section-items-middle\" data-id=\"7cab9719\" data-element_type=\"section\" data-settings=\"{&quot;background_background&quot;:&quot;classic&quot;}\">\n\t\t\t\t\t\t\t<div class=\"elementor-background-overlay\"><\/div>\n\t\t\t\t\t\t\t<div class=\"elementor-container elementor-column-gap-default\">\n\t\t\t\t\t<div class=\"elementor-column elementor-col-100 elementor-top-column elementor-element elementor-element-5d84cf4a\" data-id=\"5d84cf4a\" data-element_type=\"column\">\n\t\t\t<div class=\"elementor-widget-wrap elementor-element-populated\">\n\t\t\t\t\t\t<div class=\"elementor-element elementor-element-13d4a4da elementor-widget elementor-widget-heading\" data-id=\"13d4a4da\" data-element_type=\"widget\" data-widget_type=\"heading.default\">\n\t\t\t\t<div class=\"elementor-widget-container\">\n\t\t\t\t\t<h2 class=\"elementor-heading-title elementor-size-large\">LE SYMBOLE<\/h2>\t\t\t\t<\/div>\n\t\t\t\t<\/div>\n\t\t\t\t<div class=\"elementor-element elementor-element-7af046da elementor-widget-divider--view-line elementor-widget elementor-widget-divider\" data-id=\"7af046da\" data-element_type=\"widget\" data-widget_type=\"divider.default\">\n\t\t\t\t<div class=\"elementor-widget-container\">\n\t\t\t\t\t\t\t<div class=\"elementor-divider\">\n\t\t\t<span class=\"elementor-divider-separator\">\n\t\t\t\t\t\t<\/span>\n\t\t<\/div>\n\t\t\t\t\t\t<\/div>\n\t\t\t\t<\/div>\n\t\t\t\t<div class=\"elementor-element elementor-element-40dd042b elementor-widget elementor-widget-heading\" data-id=\"40dd042b\" data-element_type=\"widget\" data-widget_type=\"heading.default\">\n\t\t\t\t<div class=\"elementor-widget-container\">\n\t\t\t\t\t<p class=\"elementor-heading-title elementor-size-small\">Hunab Ku est le nom de la divinit\u00e9 maximale et incorporelle de l'ancienne Maya, qui repr\u00e9sente l'unidualit\u00e9 des forces cr\u00e9atrices cosmiques et des guides de la vie, et a \u00e9t\u00e9 associ\u00e9e \u00e0 l'un des mantes sacr\u00e9es que les Azt\u00e8ques nous ont l\u00e9gu\u00e9s dans les codex. Il repr\u00e9sente deux forces qui s'entrelacent et se compl\u00e8tent, telles que: l'esprit et le corps; jour et nuit; connaissances et savoirs: Quetzalcoatl et Tezcatlipocah. Dualisme \u00e9pist\u00e9mologique g\u00e9n\u00e9r\u00e9 par un tiers, pr\u00e9sent dans la pens\u00e9e homomorphique continue des cultures du continent Anahuac-Tawantinzuyu.\n<\/br><\/br>\n\nLe Hunab Ku relie diff\u00e9rents niveaux de r\u00e9alit\u00e9, par le mouvement des deux serpents qui quittent le m\u00eame endroit, tels que ceux entourant le c\u00e9l\u00e8bre Calendrier azt\u00e8que ou Pierre du Soleil, pour se rencontrer et se croiser, produisant le mouvement dialectique \/ dialogique de l'existence cosmique: l'unidualit\u00e9 des forces compl\u00e9mentaires qui vont voyager avec le destin de la vie et de l'humanit\u00e9 \u00e9merge \u00e0 nouveau. \n\n\n<\/br><\/br>\nLe symbole est entour\u00e9 de deux cercles qui mat\u00e9rialisent des niveaux de r\u00e9alit\u00e9, color\u00e9s dans le ton de la fleur Cempoaxuchitl ou des vingt fleurs (jaune dor\u00e9) qui, selon la mythologie du Mexique antique, est n\u00e9 \u00e0 Mictlan, dans le r\u00e9gion du d\u00e9sincarn\u00e9, pour illuminer les \u00e2mes de nos anc\u00eatres, alors que le Soleil n\u2019\u00e9tait pas (encore une fois, la vie et la mort sont li\u00e9es dans un cycle \u00e9ternel).\n  \nLe rouge signifie l'union-s\u00e9paration, continuum-fragmentation. Le noir fait r\u00e9f\u00e9rence \u00e0 la mort, \u00e0 l'occulte, au compl\u00e9ment du cycle. En bref, la s\u00e9lection des couleurs reprend certains sujets d\u2019int\u00e9r\u00eat dans la transdisciplinarit\u00e9 et la complexit\u00e9.<\/p>\t\t\t\t<\/div>\n\t\t\t\t<\/div>\n\t\t\t\t\t<\/div>\n\t\t<\/div>\n\t\t\t\t\t<\/div>\n\t\t<\/section>\n\t\t\t\t<\/div>\n\t\t","protected":false},"excerpt":{"rendered":"<div class=\"slide-text-bg2\"><span>LE SYMBOLE Hunab Ku est le nom de la divinit\u00e9 maximale et incorporelle de l&#8217;ancienne Maya, qui repr\u00e9sente l&#8217;unidualit\u00e9 des forces cr\u00e9atrice<\/span><\/div>\n<div class=\"slide-btn-area-sm\"><a href=\"https:\/\/www.tercercongresomundialtransdisciplinariedad.mx\/fr\/simbolo\/\" class=\"slide-btn-sm\">Leer m\u00e1s<\/a><\/div>\n","protected":false},"author":1,"featured_media":0,"parent":0,"menu_order":0,"comment_status":"closed","ping_status":"closed","template":"elementor_header_footer","meta":{"footnotes":""},"class_list":["post-710","page","type-page","status-publish","hentry"],"_links":{"self":[{"href":"https:\/\/www.tercercongresomundialtransdisciplinariedad.mx\/fr\/wp-json\/wp\/v2\/pages\/710","targetHints":{"allow":["GET"]}}],"collection":[{"href":"https:\/\/www.tercercongresomundialtransdisciplinariedad.mx\/fr\/wp-json\/wp\/v2\/pages"}],"about":[{"href":"https:\/\/www.tercercongresomundialtransdisciplinariedad.mx\/fr\/wp-json\/wp\/v2\/types\/page"}],"author":[{"embeddable":true,"href":"https:\/\/www.tercercongresomundialtransdisciplinariedad.mx\/fr\/wp-json\/wp\/v2\/users\/1"}],"replies":[{"embeddable":true,"href":"https:\/\/www.tercercongresomundialtransdisciplinariedad.mx\/fr\/wp-json\/wp\/v2\/comments?post=710"}],"version-history":[{"count":10,"href":"https:\/\/www.tercercongresomundialtransdisciplinariedad.mx\/fr\/wp-json\/wp\/v2\/pages\/710\/revisions"}],"predecessor-version":[{"id":1607,"href":"https:\/\/www.tercercongresomundialtransdisciplinariedad.mx\/fr\/wp-json\/wp\/v2\/pages\/710\/revisions\/1607"}],"wp:attachment":[{"href":"https:\/\/www.tercercongresomundialtransdisciplinariedad.mx\/fr\/wp-json\/wp\/v2\/media?parent=710"}],"curies":[{"name":"wp","href":"https:\/\/api.w.org\/{rel}","templated":true}]}}