{"id":288,"date":"2019-08-04T03:21:36","date_gmt":"2019-08-04T03:21:36","guid":{"rendered":"https:\/\/www.tercercongresomundialtransdisciplinariedad.mx\/fr\/?page_id=288"},"modified":"2024-02-12T03:10:58","modified_gmt":"2024-02-12T03:10:58","slug":"home","status":"publish","type":"page","link":"https:\/\/www.tercercongresomundialtransdisciplinariedad.mx\/fr\/","title":{"rendered":"HOME"},"content":{"rendered":"\t\t<div data-elementor-type=\"wp-post\" data-elementor-id=\"288\" class=\"elementor elementor-288\">\n\t\t\t\t\t\t<section class=\"elementor-section elementor-top-section elementor-element elementor-element-d012a21 elementor-section-height-min-height elementor-section-boxed elementor-section-height-default elementor-section-items-middle\" data-id=\"d012a21\" data-element_type=\"section\" data-settings=\"{&quot;background_background&quot;:&quot;classic&quot;}\">\n\t\t\t\t\t\t<div class=\"elementor-container elementor-column-gap-default\">\n\t\t\t\t\t<div class=\"elementor-column elementor-col-100 elementor-top-column elementor-element elementor-element-970f830\" data-id=\"970f830\" data-element_type=\"column\">\n\t\t\t<div class=\"elementor-widget-wrap elementor-element-populated\">\n\t\t\t\t\t\t<div class=\"elementor-element elementor-element-a384d5c elementor-widget elementor-widget-heading\" data-id=\"a384d5c\" data-element_type=\"widget\" data-widget_type=\"heading.default\">\n\t\t\t\t<div class=\"elementor-widget-container\">\n\t\t\t\t\t<h2 class=\"elementor-heading-title elementor-size-xl\">Invitation Forum Social Mondial 2024<\/h2>\t\t\t\t<\/div>\n\t\t\t\t<\/div>\n\t\t\t\t\t<\/div>\n\t\t<\/div>\n\t\t\t\t\t<\/div>\n\t\t<\/section>\n\t\t\t\t<section class=\"elementor-section elementor-top-section elementor-element elementor-element-9a49417 elementor-section-boxed elementor-section-height-default elementor-section-height-default\" data-id=\"9a49417\" data-element_type=\"section\">\n\t\t\t\t\t\t<div class=\"elementor-container elementor-column-gap-default\">\n\t\t\t\t\t<div class=\"elementor-column elementor-col-100 elementor-top-column elementor-element elementor-element-03e9843\" data-id=\"03e9843\" data-element_type=\"column\">\n\t\t\t<div class=\"elementor-widget-wrap elementor-element-populated\">\n\t\t\t\t\t\t<div class=\"elementor-element elementor-element-695633f elementor-widget elementor-widget-spacer\" data-id=\"695633f\" data-element_type=\"widget\" data-widget_type=\"spacer.default\">\n\t\t\t\t<div class=\"elementor-widget-container\">\n\t\t\t\t\t\t\t<div class=\"elementor-spacer\">\n\t\t\t<div class=\"elementor-spacer-inner\"><\/div>\n\t\t<\/div>\n\t\t\t\t\t\t<\/div>\n\t\t\t\t<\/div>\n\t\t\t\t\t<\/div>\n\t\t<\/div>\n\t\t\t\t\t<\/div>\n\t\t<\/section>\n\t\t\t\t<section class=\"elementor-section elementor-top-section elementor-element elementor-element-34bcf8b elementor-section-boxed elementor-section-height-default elementor-section-height-default\" data-id=\"34bcf8b\" data-element_type=\"section\">\n\t\t\t\t\t\t<div class=\"elementor-container elementor-column-gap-default\">\n\t\t\t\t\t<div class=\"elementor-column elementor-col-100 elementor-top-column elementor-element elementor-element-b7df8b0\" data-id=\"b7df8b0\" data-element_type=\"column\">\n\t\t\t<div class=\"elementor-widget-wrap elementor-element-populated\">\n\t\t\t\t\t\t<div class=\"elementor-element elementor-element-e1189ab elementor-widget elementor-widget-image\" data-id=\"e1189ab\" data-element_type=\"widget\" data-widget_type=\"image.default\">\n\t\t\t\t<div class=\"elementor-widget-container\">\n\t\t\t\t\t\t\t\t\t\t\t\t\t\t\t<img fetchpriority=\"high\" decoding=\"async\" width=\"1024\" height=\"1024\" src=\"https:\/\/www.tercercongresomundialtransdisciplinariedad.mx\/fr\/wp-content\/uploads\/2024\/02\/INVITACION_FSM_FR-1024x1024.jpg\" class=\"attachment-large size-large wp-image-3689\" alt=\"\" srcset=\"https:\/\/www.tercercongresomundialtransdisciplinariedad.mx\/fr\/wp-content\/uploads\/2024\/02\/INVITACION_FSM_FR-1024x1024.jpg 1024w, https:\/\/www.tercercongresomundialtransdisciplinariedad.mx\/fr\/wp-content\/uploads\/2024\/02\/INVITACION_FSM_FR-300x300.jpg 300w, https:\/\/www.tercercongresomundialtransdisciplinariedad.mx\/fr\/wp-content\/uploads\/2024\/02\/INVITACION_FSM_FR-150x150.jpg 150w, https:\/\/www.tercercongresomundialtransdisciplinariedad.mx\/fr\/wp-content\/uploads\/2024\/02\/INVITACION_FSM_FR-768x768.jpg 768w, https:\/\/www.tercercongresomundialtransdisciplinariedad.mx\/fr\/wp-content\/uploads\/2024\/02\/INVITACION_FSM_FR-1536x1536.jpg 1536w, https:\/\/www.tercercongresomundialtransdisciplinariedad.mx\/fr\/wp-content\/uploads\/2024\/02\/INVITACION_FSM_FR-2048x2048.jpg 2048w\" sizes=\"(max-width: 1024px) 100vw, 1024px\" \/>\t\t\t\t\t\t\t\t\t\t\t\t\t\t\t<\/div>\n\t\t\t\t<\/div>\n\t\t\t\t\t<\/div>\n\t\t<\/div>\n\t\t\t\t\t<\/div>\n\t\t<\/section>\n\t\t\t\t<section class=\"elementor-section elementor-top-section elementor-element elementor-element-76f6a50 elementor-section-boxed elementor-section-height-default elementor-section-height-default\" data-id=\"76f6a50\" data-element_type=\"section\">\n\t\t\t\t\t\t<div class=\"elementor-container elementor-column-gap-default\">\n\t\t\t\t\t<div class=\"elementor-column elementor-col-100 elementor-top-column elementor-element elementor-element-84706b4\" data-id=\"84706b4\" data-element_type=\"column\">\n\t\t\t<div class=\"elementor-widget-wrap elementor-element-populated\">\n\t\t\t\t\t\t<div class=\"elementor-element elementor-element-500e46c elementor-widget elementor-widget-spacer\" data-id=\"500e46c\" data-element_type=\"widget\" data-widget_type=\"spacer.default\">\n\t\t\t\t<div class=\"elementor-widget-container\">\n\t\t\t\t\t\t\t<div class=\"elementor-spacer\">\n\t\t\t<div class=\"elementor-spacer-inner\"><\/div>\n\t\t<\/div>\n\t\t\t\t\t\t<\/div>\n\t\t\t\t<\/div>\n\t\t\t\t\t<\/div>\n\t\t<\/div>\n\t\t\t\t\t<\/div>\n\t\t<\/section>\n\t\t\t\t<section class=\"elementor-section elementor-top-section elementor-element elementor-element-574fe3b elementor-section-boxed elementor-section-height-default elementor-section-height-default\" data-id=\"574fe3b\" data-element_type=\"section\">\n\t\t\t\t\t\t<div class=\"elementor-container elementor-column-gap-default\">\n\t\t\t\t\t<div class=\"elementor-column elementor-col-100 elementor-top-column elementor-element elementor-element-0a4ba2b\" data-id=\"0a4ba2b\" data-element_type=\"column\">\n\t\t\t<div class=\"elementor-widget-wrap elementor-element-populated\">\n\t\t\t\t\t\t<div class=\"elementor-element elementor-element-d7f89d3 elementor-widget elementor-widget-image\" data-id=\"d7f89d3\" data-element_type=\"widget\" data-widget_type=\"image.default\">\n\t\t\t\t<div class=\"elementor-widget-container\">\n\t\t\t\t\t\t\t\t\t\t\t\t\t\t\t<img decoding=\"async\" width=\"1024\" height=\"753\" src=\"https:\/\/www.tercercongresomundialtransdisciplinariedad.mx\/fr\/wp-content\/uploads\/2022\/07\/CANCELACIO\u0301N_FR-1024x753.jpg\" class=\"attachment-large size-large wp-image-3628\" alt=\"\" srcset=\"https:\/\/www.tercercongresomundialtransdisciplinariedad.mx\/fr\/wp-content\/uploads\/2022\/07\/CANCELACIO\u0301N_FR-1024x753.jpg 1024w, https:\/\/www.tercercongresomundialtransdisciplinariedad.mx\/fr\/wp-content\/uploads\/2022\/07\/CANCELACIO\u0301N_FR-300x221.jpg 300w, https:\/\/www.tercercongresomundialtransdisciplinariedad.mx\/fr\/wp-content\/uploads\/2022\/07\/CANCELACIO\u0301N_FR-768x565.jpg 768w, https:\/\/www.tercercongresomundialtransdisciplinariedad.mx\/fr\/wp-content\/uploads\/2022\/07\/CANCELACIO\u0301N_FR-1536x1130.jpg 1536w, https:\/\/www.tercercongresomundialtransdisciplinariedad.mx\/fr\/wp-content\/uploads\/2022\/07\/CANCELACIO\u0301N_FR-2048x1506.jpg 2048w\" sizes=\"(max-width: 1024px) 100vw, 1024px\" \/>\t\t\t\t\t\t\t\t\t\t\t\t\t\t\t<\/div>\n\t\t\t\t<\/div>\n\t\t\t\t\t<\/div>\n\t\t<\/div>\n\t\t\t\t\t<\/div>\n\t\t<\/section>\n\t\t\t\t<section class=\"elementor-section elementor-top-section elementor-element elementor-element-ecff926 elementor-section-boxed elementor-section-height-default elementor-section-height-default\" data-id=\"ecff926\" data-element_type=\"section\">\n\t\t\t\t\t\t<div class=\"elementor-container elementor-column-gap-default\">\n\t\t\t\t\t<div class=\"elementor-column elementor-col-100 elementor-top-column elementor-element elementor-element-cf4e8db elementor-hidden-desktop elementor-hidden-tablet elementor-hidden-mobile\" data-id=\"cf4e8db\" data-element_type=\"column\">\n\t\t\t<div class=\"elementor-widget-wrap elementor-element-populated\">\n\t\t\t\t\t\t<div class=\"elementor-element elementor-element-8ee242e elementor-widget elementor-widget-image\" data-id=\"8ee242e\" data-element_type=\"widget\" data-widget_type=\"image.default\">\n\t\t\t\t<div class=\"elementor-widget-container\">\n\t\t\t\t\t\t\t\t\t\t\t\t\t\t\t<img decoding=\"async\" width=\"2560\" height=\"1883\" src=\"https:\/\/www.tercercongresomundialtransdisciplinariedad.mx\/fr\/wp-content\/uploads\/2022\/04\/PORTADA__FR-scaled.jpg\" class=\"attachment-full size-full wp-image-3509\" alt=\"\" srcset=\"https:\/\/www.tercercongresomundialtransdisciplinariedad.mx\/fr\/wp-content\/uploads\/2022\/04\/PORTADA__FR-scaled.jpg 2560w, https:\/\/www.tercercongresomundialtransdisciplinariedad.mx\/fr\/wp-content\/uploads\/2022\/04\/PORTADA__FR-300x221.jpg 300w, https:\/\/www.tercercongresomundialtransdisciplinariedad.mx\/fr\/wp-content\/uploads\/2022\/04\/PORTADA__FR-1024x753.jpg 1024w, https:\/\/www.tercercongresomundialtransdisciplinariedad.mx\/fr\/wp-content\/uploads\/2022\/04\/PORTADA__FR-768x565.jpg 768w, https:\/\/www.tercercongresomundialtransdisciplinariedad.mx\/fr\/wp-content\/uploads\/2022\/04\/PORTADA__FR-1536x1130.jpg 1536w, https:\/\/www.tercercongresomundialtransdisciplinariedad.mx\/fr\/wp-content\/uploads\/2022\/04\/PORTADA__FR-2048x1506.jpg 2048w\" sizes=\"(max-width: 2560px) 100vw, 2560px\" \/>\t\t\t\t\t\t\t\t\t\t\t\t\t\t\t<\/div>\n\t\t\t\t<\/div>\n\t\t\t\t\t<\/div>\n\t\t<\/div>\n\t\t\t\t\t<\/div>\n\t\t<\/section>\n\t\t\t\t<section class=\"elementor-section elementor-top-section elementor-element elementor-element-cac19ee elementor-section-boxed elementor-section-height-default elementor-section-height-default\" data-id=\"cac19ee\" data-element_type=\"section\">\n\t\t\t\t\t\t<div class=\"elementor-container elementor-column-gap-default\">\n\t\t\t\t\t<div class=\"elementor-column elementor-col-33 elementor-top-column elementor-element elementor-element-9be378c\" data-id=\"9be378c\" data-element_type=\"column\">\n\t\t\t<div class=\"elementor-widget-wrap elementor-element-populated\">\n\t\t\t\t\t\t<div class=\"elementor-element elementor-element-408ed46 elementor-view-default elementor-widget elementor-widget-icon\" data-id=\"408ed46\" data-element_type=\"widget\" data-widget_type=\"icon.default\">\n\t\t\t\t<div class=\"elementor-widget-container\">\n\t\t\t\t\t\t\t<div class=\"elementor-icon-wrapper\">\n\t\t\t<div class=\"elementor-icon\">\n\t\t\t<i aria-hidden=\"true\" class=\"fas fa-arrow-alt-circle-down\"><\/i>\t\t\t<\/div>\n\t\t<\/div>\n\t\t\t\t\t\t<\/div>\n\t\t\t\t<\/div>\n\t\t\t\t\t<\/div>\n\t\t<\/div>\n\t\t\t\t<div class=\"elementor-column elementor-col-33 elementor-top-column elementor-element elementor-element-f55815f\" data-id=\"f55815f\" data-element_type=\"column\">\n\t\t\t<div class=\"elementor-widget-wrap elementor-element-populated\">\n\t\t\t\t\t\t<div class=\"elementor-element elementor-element-034661a elementor-widget elementor-widget-heading\" data-id=\"034661a\" data-element_type=\"widget\" data-widget_type=\"heading.default\">\n\t\t\t\t<div class=\"elementor-widget-container\">\n\t\t\t\t\t<h2 class=\"elementor-heading-title elementor-size-default\">ATTENTION!<br>\nNOUVELLE CIRCULAIRE \nRAPPORT IMPORTANT <\/h2>\t\t\t\t<\/div>\n\t\t\t\t<\/div>\n\t\t\t\t\t<\/div>\n\t\t<\/div>\n\t\t\t\t<div class=\"elementor-column elementor-col-33 elementor-top-column elementor-element elementor-element-b92fe8b\" data-id=\"b92fe8b\" data-element_type=\"column\">\n\t\t\t<div class=\"elementor-widget-wrap elementor-element-populated\">\n\t\t\t\t\t\t<div class=\"elementor-element elementor-element-b0456f7 elementor-view-default elementor-widget elementor-widget-icon\" data-id=\"b0456f7\" data-element_type=\"widget\" data-widget_type=\"icon.default\">\n\t\t\t\t<div class=\"elementor-widget-container\">\n\t\t\t\t\t\t\t<div class=\"elementor-icon-wrapper\">\n\t\t\t<div class=\"elementor-icon\">\n\t\t\t<i aria-hidden=\"true\" class=\"fas fa-arrow-alt-circle-down\"><\/i>\t\t\t<\/div>\n\t\t<\/div>\n\t\t\t\t\t\t<\/div>\n\t\t\t\t<\/div>\n\t\t\t\t\t<\/div>\n\t\t<\/div>\n\t\t\t\t\t<\/div>\n\t\t<\/section>\n\t\t\t\t<section class=\"elementor-section elementor-top-section elementor-element elementor-element-65a61da elementor-section-boxed elementor-section-height-default elementor-section-height-default\" data-id=\"65a61da\" data-element_type=\"section\">\n\t\t\t\t\t\t<div class=\"elementor-container elementor-column-gap-default\">\n\t\t\t\t\t<div class=\"elementor-column elementor-col-100 elementor-top-column elementor-element elementor-element-3bba25f\" data-id=\"3bba25f\" data-element_type=\"column\">\n\t\t\t<div class=\"elementor-widget-wrap elementor-element-populated\">\n\t\t\t\t\t\t<div class=\"elementor-element elementor-element-86a4047 elementor-widget elementor-widget-image\" data-id=\"86a4047\" data-element_type=\"widget\" data-widget_type=\"image.default\">\n\t\t\t\t<div class=\"elementor-widget-container\">\n\t\t\t\t\t\t\t\t\t\t\t\t\t\t\t<img loading=\"lazy\" decoding=\"async\" width=\"1700\" height=\"2200\" src=\"https:\/\/www.tercercongresomundialtransdisciplinariedad.mx\/fr\/wp-content\/uploads\/2022\/04\/MENSAJE_FR.jpg\" class=\"attachment-full size-full wp-image-3452\" alt=\"\" srcset=\"https:\/\/www.tercercongresomundialtransdisciplinariedad.mx\/fr\/wp-content\/uploads\/2022\/04\/MENSAJE_FR.jpg 1700w, https:\/\/www.tercercongresomundialtransdisciplinariedad.mx\/fr\/wp-content\/uploads\/2022\/04\/MENSAJE_FR-232x300.jpg 232w, https:\/\/www.tercercongresomundialtransdisciplinariedad.mx\/fr\/wp-content\/uploads\/2022\/04\/MENSAJE_FR-791x1024.jpg 791w, https:\/\/www.tercercongresomundialtransdisciplinariedad.mx\/fr\/wp-content\/uploads\/2022\/04\/MENSAJE_FR-768x994.jpg 768w, https:\/\/www.tercercongresomundialtransdisciplinariedad.mx\/fr\/wp-content\/uploads\/2022\/04\/MENSAJE_FR-1187x1536.jpg 1187w, https:\/\/www.tercercongresomundialtransdisciplinariedad.mx\/fr\/wp-content\/uploads\/2022\/04\/MENSAJE_FR-1583x2048.jpg 1583w\" sizes=\"(max-width: 1700px) 100vw, 1700px\" \/>\t\t\t\t\t\t\t\t\t\t\t\t\t\t\t<\/div>\n\t\t\t\t<\/div>\n\t\t\t\t\t<\/div>\n\t\t<\/div>\n\t\t\t\t\t<\/div>\n\t\t<\/section>\n\t\t\t\t<section class=\"elementor-section elementor-top-section elementor-element elementor-element-efda9b3 elementor-hidden-desktop elementor-hidden-tablet elementor-hidden-mobile elementor-section-boxed elementor-section-height-default elementor-section-height-default\" data-id=\"efda9b3\" data-element_type=\"section\">\n\t\t\t\t\t\t<div class=\"elementor-container elementor-column-gap-default\">\n\t\t\t\t\t<div class=\"elementor-column elementor-col-100 elementor-top-column elementor-element elementor-element-08086a9\" data-id=\"08086a9\" data-element_type=\"column\">\n\t\t\t<div class=\"elementor-widget-wrap elementor-element-populated\">\n\t\t\t\t\t\t<div class=\"elementor-element elementor-element-77fe527 elementor-widget elementor-widget-image\" data-id=\"77fe527\" data-element_type=\"widget\" data-widget_type=\"image.default\">\n\t\t\t\t<div class=\"elementor-widget-container\">\n\t\t\t\t\t\t\t\t\t\t\t\t\t\t\t<img loading=\"lazy\" decoding=\"async\" width=\"781\" height=\"1024\" src=\"https:\/\/www.tercercongresomundialtransdisciplinariedad.mx\/fr\/wp-content\/uploads\/2021\/12\/MENSAJE-CONGRESO-VIRTUAL-PRESENCIAL-FRA-781x1024.jpg\" class=\"attachment-large size-large wp-image-3323\" alt=\"\" srcset=\"https:\/\/www.tercercongresomundialtransdisciplinariedad.mx\/fr\/wp-content\/uploads\/2021\/12\/MENSAJE-CONGRESO-VIRTUAL-PRESENCIAL-FRA-781x1024.jpg 781w, https:\/\/www.tercercongresomundialtransdisciplinariedad.mx\/fr\/wp-content\/uploads\/2021\/12\/MENSAJE-CONGRESO-VIRTUAL-PRESENCIAL-FRA-229x300.jpg 229w, https:\/\/www.tercercongresomundialtransdisciplinariedad.mx\/fr\/wp-content\/uploads\/2021\/12\/MENSAJE-CONGRESO-VIRTUAL-PRESENCIAL-FRA-768x1008.jpg 768w, https:\/\/www.tercercongresomundialtransdisciplinariedad.mx\/fr\/wp-content\/uploads\/2021\/12\/MENSAJE-CONGRESO-VIRTUAL-PRESENCIAL-FRA-1171x1536.jpg 1171w, https:\/\/www.tercercongresomundialtransdisciplinariedad.mx\/fr\/wp-content\/uploads\/2021\/12\/MENSAJE-CONGRESO-VIRTUAL-PRESENCIAL-FRA.jpg 1199w\" sizes=\"(max-width: 781px) 100vw, 781px\" \/>\t\t\t\t\t\t\t\t\t\t\t\t\t\t\t<\/div>\n\t\t\t\t<\/div>\n\t\t\t\t\t<\/div>\n\t\t<\/div>\n\t\t\t\t\t<\/div>\n\t\t<\/section>\n\t\t\t\t<section class=\"elementor-section elementor-top-section elementor-element elementor-element-2d65f67 elementor-hidden-desktop elementor-hidden-tablet elementor-hidden-mobile elementor-section-boxed elementor-section-height-default elementor-section-height-default\" data-id=\"2d65f67\" data-element_type=\"section\">\n\t\t\t\t\t\t<div class=\"elementor-container elementor-column-gap-default\">\n\t\t\t\t\t<div class=\"elementor-column elementor-col-100 elementor-top-column elementor-element elementor-element-59b51be\" data-id=\"59b51be\" data-element_type=\"column\">\n\t\t\t<div class=\"elementor-widget-wrap elementor-element-populated\">\n\t\t\t\t\t\t<div class=\"elementor-element elementor-element-ec61cb2 elementor-widget elementor-widget-text-editor\" data-id=\"ec61cb2\" data-element_type=\"widget\" data-widget_type=\"text-editor.default\">\n\t\t\t\t<div class=\"elementor-widget-container\">\n\t\t\t\t\t\t\t\t\t<p style=\"text-align: justify;\"><span style=\"font-size: 14pt;\"><span style=\"color: #000000; font-family: arial black, sans-serif;\">1. En raison des conditions nationales et internationales de la pand\u00e9mie de coronavirus, COVID-19, les dates du IIIe Congr\u00e8s Mondial sur la Transdisciplinarit\u00e9 sont modifi\u00e9es pour la premi\u00e8re semaine de novembre 2022, <span style=\"color: #ff0000;\">en mode pr\u00e9sentiel.<\/span> Tous les <strong><span lang=\"fr\"><span title=\"\">enregistrements<\/span><\/span><\/strong> accept\u00e9s sont conserv\u00e9s pour le programme de l&#8217;\u00e9v\u00e9nement 2022: le processus d&#8217;enregistrement reste ouvert \u00e0<span class=\"VIiyi\" lang=\"fr\"><span class=\"JLqJ4b ChMk0b\" data-language-for-alternatives=\"fr\" data-language-to-translate-into=\"es\" data-phrase-index=\"2\"> travers le<\/span><\/span> template\/<span class=\"VIiyi\" lang=\"fr\"><span class=\"JLqJ4b ChMk0b\" data-language-for-alternatives=\"fr\" data-language-to-translate-into=\"es\" data-phrase-index=\"0\">formulaire jusqu&#8217;au 31 mai 2021, la confirmation d&#8217;acceptation est envoy\u00e9e en juin 2022.\u00a0<\/span><\/span>Les paiements sont limit\u00e9s \u00e0 \u00eatre effectu\u00e9s jusqu&#8217;au 31 juillet 2022. <\/span><span style=\"font-family: arial black, sans-serif; color: #ff0000;\">VOIR COMPTE BANCAIRE ET PAIEMENT PAR PAYPAL \u00c0 L&#8217;ENTR\u00c9E &#8220;CONGR\u00c8S PR\u00c9SENTIEL 2022&#8221;.<\/span><\/span><span style=\"color: #000000; font-family: arial black, sans-serif; font-size: 14pt;\"><br \/><\/span><\/p><p style=\"text-align: justify;\"><span style=\"color: #000000; font-family: arial black, sans-serif; font-size: 14pt;\">2. Le IIIe Congr\u00e8s Mondial sur la Transdisciplinarit\u00e9 Virtuel, s&#8217;ouvre le 30 octobre 2020. <span lang=\"fr\"><span title=\"\">Dans cette modalit\u00e9, conf\u00e9rences, tables rondes, symposiums se tiendront de novembre 2020 jusqu&#8217;au 15 octobre 2021. Ces activit\u00e9s aborderont les probl\u00e8mes de la pand\u00e9mie mondiale<\/span> <span title=\"\">COVID-19 et d&#8217;autres probl\u00e8mes importants dans le monde.<\/span><\/span><\/span><span style=\"color: #000000; font-family: arial black, sans-serif; font-size: 14pt;\"><br \/><\/span><\/p><p style=\"text-align: justify;\"><span style=\"color: #000000; font-family: arial black, sans-serif; font-size: 14pt;\">3. <span lang=\"fr\"><span title=\"\">L&#8217;enregistrement pour le Congr\u00e8s virtuel aura lieu du <span class=\"VIiyi\" lang=\"fr\"><span class=\"JLqJ4b ChMk0b\" data-language-for-alternatives=\"fr\" data-language-to-translate-into=\"es\" data-phrase-index=\"0\">1 septembre 2020 au 30 juin 2021<\/span><\/span>, en effectuant votre paiement par PAYPAL \u00e0 l&#8217;entr\u00e9e &#8220;Congr\u00e8s Virtuel 2020\/2021&#8221;<\/span>. <span title=\"\">Le Congr\u00e8s Virtuel utilisera deux plateformes: ZOOM,\u00a0 et YOUTUBE LIVE.<\/span><\/span><\/span><span style=\"color: #000000; font-family: arial black, sans-serif; font-size: 14pt;\"><br \/><\/span><\/p><p style=\"text-align: justify;\"><span style=\"color: #000000; font-family: arial black, sans-serif; font-size: 14pt;\"><span lang=\"fr\"><span title=\"\">IMPORTANT: Les informations g\u00e9n\u00e9rales et sp\u00e9cifiques sur le Programme Virtuel et Pr\u00e9sentiel du Congr\u00e8s 2020\/2021 seront disponibles sur ce site, sur nos r\u00e9seaux sociaux et dans les circulaires MAILCHIMP.<\/span><\/span><\/span><\/p>\t\t\t\t\t\t\t\t<\/div>\n\t\t\t\t<\/div>\n\t\t\t\t\t<\/div>\n\t\t<\/div>\n\t\t\t\t\t<\/div>\n\t\t<\/section>\n\t\t\t\t<section class=\"elementor-section elementor-top-section elementor-element elementor-element-63da898 elementor-section-boxed elementor-section-height-default elementor-section-height-default\" data-id=\"63da898\" data-element_type=\"section\">\n\t\t\t\t\t\t<div class=\"elementor-container elementor-column-gap-default\">\n\t\t\t\t\t<div class=\"elementor-column elementor-col-100 elementor-top-column elementor-element elementor-element-6415848\" data-id=\"6415848\" data-element_type=\"column\">\n\t\t\t<div class=\"elementor-widget-wrap elementor-element-populated\">\n\t\t\t\t\t\t<div class=\"elementor-element elementor-element-3d689e4 elementor-widget elementor-widget-video\" data-id=\"3d689e4\" data-element_type=\"widget\" data-settings=\"{&quot;video_type&quot;:&quot;hosted&quot;,&quot;start&quot;:0,&quot;autoplay&quot;:&quot;yes&quot;,&quot;loop&quot;:&quot;yes&quot;}\" data-widget_type=\"video.default\">\n\t\t\t\t<div class=\"elementor-widget-container\">\n\t\t\t\t\t\t\t<div class=\"e-hosted-video elementor-wrapper elementor-open-inline\">\n\t\t\t\t\t<video class=\"elementor-video\" src=\"http:\/\/www.tercercongresomundialtransdisciplinariedad.mx\/fr\/wp-content\/uploads\/2019\/08\/logoreveal.mov\" autoplay=\"\" loop=\"\" controlsList=\"nodownload\"><\/video>\n\t\t\t\t<\/div>\n\t\t\t\t\t\t<\/div>\n\t\t\t\t<\/div>\n\t\t\t\t<div class=\"elementor-element elementor-element-eeed82f elementor-align-center elementor-widget elementor-widget-button\" data-id=\"eeed82f\" data-element_type=\"widget\" data-widget_type=\"button.default\">\n\t\t\t\t<div class=\"elementor-widget-container\">\n\t\t\t\t\t\t\t\t\t<div class=\"elementor-button-wrapper\">\n\t\t\t\t\t<a class=\"elementor-button elementor-button-link elementor-size-sm\" href=\"http:\/\/www.tercercongresomundialtransdisciplinariedad.mx\/fr\/simbolo\/\" rel=\"nofollow\">\n\t\t\t\t\t\t<span class=\"elementor-button-content-wrapper\">\n\t\t\t\t\t\t\t\t\t<span class=\"elementor-button-text\">Cliquez ici pour voir la signification du symbole<\/span>\n\t\t\t\t\t<\/span>\n\t\t\t\t\t<\/a>\n\t\t\t\t<\/div>\n\t\t\t\t\t\t\t\t<\/div>\n\t\t\t\t<\/div>\n\t\t\t\t\t<\/div>\n\t\t<\/div>\n\t\t\t\t\t<\/div>\n\t\t<\/section>\n\t\t\t\t<section class=\"elementor-section elementor-top-section elementor-element elementor-element-9ca5052 elementor-section-boxed elementor-section-height-default elementor-section-height-default\" data-id=\"9ca5052\" data-element_type=\"section\">\n\t\t\t\t\t\t<div class=\"elementor-container elementor-column-gap-default\">\n\t\t\t\t\t<div class=\"elementor-column elementor-col-100 elementor-top-column elementor-element elementor-element-38bc9d9\" data-id=\"38bc9d9\" data-element_type=\"column\">\n\t\t\t<div class=\"elementor-widget-wrap elementor-element-populated\">\n\t\t\t\t\t\t<div class=\"elementor-element elementor-element-02bb589 elementor-widget elementor-widget-heading\" data-id=\"02bb589\" data-element_type=\"widget\" data-widget_type=\"heading.default\">\n\t\t\t\t<div class=\"elementor-widget-container\">\n\t\t\t\t\t<h2 class=\"elementor-heading-title elementor-size-xl\">IIIe CONGR\u00c8S MONDIAL SUR LA TRANSDISCIPLINARIT\u00c9 <br>DU 31 OCTOBRE AU 7 NOVEMBRE 2022<br>DANS LA VILLE DE MEXICO<\/h2>\t\t\t\t<\/div>\n\t\t\t\t<\/div>\n\t\t\t\t\t<\/div>\n\t\t<\/div>\n\t\t\t\t\t<\/div>\n\t\t<\/section>\n\t\t\t\t<section class=\"elementor-section elementor-top-section elementor-element elementor-element-77ad5aea elementor-section-content-bottom elementor-section-boxed elementor-section-height-default elementor-section-height-default\" data-id=\"77ad5aea\" data-element_type=\"section\" data-settings=\"{&quot;background_background&quot;:&quot;classic&quot;}\">\n\t\t\t\t\t\t\t<div class=\"elementor-background-overlay\"><\/div>\n\t\t\t\t\t\t\t<div class=\"elementor-container elementor-column-gap-default\">\n\t\t\t\t\t<div class=\"elementor-column elementor-col-50 elementor-top-column elementor-element elementor-element-71b7ea54\" data-id=\"71b7ea54\" data-element_type=\"column\" data-settings=\"{&quot;background_background&quot;:&quot;classic&quot;}\">\n\t\t\t<div class=\"elementor-widget-wrap elementor-element-populated\">\n\t\t\t\t\t<div class=\"elementor-background-overlay\"><\/div>\n\t\t\t\t\t\t<div class=\"elementor-element elementor-element-4267ff26 elementor-widget elementor-widget-heading\" data-id=\"4267ff26\" data-element_type=\"widget\" data-widget_type=\"heading.default\">\n\t\t\t\t<div class=\"elementor-widget-container\">\n\t\t\t\t\t<h1 class=\"elementor-heading-title elementor-size-medium\">Pr\u00e9sentation<\/h1>\t\t\t\t<\/div>\n\t\t\t\t<\/div>\n\t\t\t\t<div class=\"elementor-element elementor-element-2dc4d0e4 elementor-widget elementor-widget-text-editor\" data-id=\"2dc4d0e4\" data-element_type=\"widget\" data-widget_type=\"text-editor.default\">\n\t\t\t\t<div class=\"elementor-widget-container\">\n\t\t\t\t\t\t\t\t\t<p style=\"text-align: justify;\"><span style=\"font-size: 14pt; font-family: georgia, palatino, serif;\">La transdisciplinarit\u00e9 a d\u00e9j\u00e0 une longue histoire<sup>1<\/sup>. Le mot lui-m\u00eame a \u00e9t\u00e9 invent\u00e9 par Jean Piaget en 1970, mais le sens n&#8217;a \u00e9t\u00e9 clarifi\u00e9 qu&#8217;en 1985, lorsque Basarab Nicolescu a \u00e9labor\u00e9 les piliers de la transdisciplinarit\u00e9 en 1985. Le Centre International de Recherches et \u00c9tudes Transdisciplinaires (CIRET)<sup>2<\/sup> a \u00e9t\u00e9 fond\u00e9 en 1987 \u00e0 Paris.<\/span><\/p><p style=\"text-align: justify;\"><span style=\"font-family: georgia, palatino, serif; font-size: 14pt;\">Le Premier Congr\u00e8s Mondial de Transdisciplinarit\u00e9 a eu lieu en 1994 dans le Couvent d&#8217;Arr\u00e1bida, au Portugal, du 2 au 7 novembre. Les participants au Congr\u00e8s ont adopt\u00e9 la Charte de Transdisciplinarit\u00e9<sup>3<\/sup>, sign\u00e9e d\u00e9j\u00e0 par des centaines de chercheurs transdisciplinaires du monde entier. En 2005, le Deuxi\u00e8me Congr\u00e8s Mondial de Transdisciplinarit\u00e9 a eu lieu \u00e0 Vitoria \/ Vila Velha, au Br\u00e9sil. De nombreux autres congr\u00e8s et \u00e9v\u00e9nements nationaux et internationaux importants ont \u00e9galement eu lieu dans diff\u00e9rents pays. Le dernier est la Conf\u00e9rence International ATLAS 2018 \u00abBeing Transdisciplinary\u00bb, qui a \u00e9t\u00e9 organis\u00e9 par l&#8217;Universit\u00e9 Babes-Bolyai de Cluj-Napoca, en Roumanie.<\/span><\/p>\t\t\t\t\t\t\t\t<\/div>\n\t\t\t\t<\/div>\n\t\t\t\t\t<\/div>\n\t\t<\/div>\n\t\t\t\t<div class=\"elementor-column elementor-col-50 elementor-top-column elementor-element elementor-element-6f4027ed\" data-id=\"6f4027ed\" data-element_type=\"column\">\n\t\t\t<div class=\"elementor-widget-wrap elementor-element-populated\">\n\t\t\t\t\t\t<div class=\"elementor-element elementor-element-f0151ec elementor-widget-divider--view-line elementor-widget elementor-widget-divider\" data-id=\"f0151ec\" data-element_type=\"widget\" data-widget_type=\"divider.default\">\n\t\t\t\t<div class=\"elementor-widget-container\">\n\t\t\t\t\t\t\t<div class=\"elementor-divider\">\n\t\t\t<span class=\"elementor-divider-separator\">\n\t\t\t\t\t\t<\/span>\n\t\t<\/div>\n\t\t\t\t\t\t<\/div>\n\t\t\t\t<\/div>\n\t\t\t\t\t<\/div>\n\t\t<\/div>\n\t\t\t\t\t<\/div>\n\t\t<\/section>\n\t\t\t\t<section class=\"elementor-section elementor-top-section elementor-element elementor-element-ab05c3c elementor-section-content-bottom elementor-section-boxed elementor-section-height-default elementor-section-height-default\" data-id=\"ab05c3c\" data-element_type=\"section\" data-settings=\"{&quot;background_background&quot;:&quot;classic&quot;}\">\n\t\t\t\t\t\t\t<div class=\"elementor-background-overlay\"><\/div>\n\t\t\t\t\t\t\t<div class=\"elementor-container elementor-column-gap-default\">\n\t\t\t\t\t<div class=\"elementor-column elementor-col-50 elementor-top-column elementor-element elementor-element-187e645\" data-id=\"187e645\" data-element_type=\"column\" data-settings=\"{&quot;background_background&quot;:&quot;classic&quot;}\">\n\t\t\t<div class=\"elementor-widget-wrap\">\n\t\t\t\t\t<div class=\"elementor-background-overlay\"><\/div>\n\t\t\t\t\t\t\t<\/div>\n\t\t<\/div>\n\t\t\t\t<div class=\"elementor-column elementor-col-50 elementor-top-column elementor-element elementor-element-337874c\" data-id=\"337874c\" data-element_type=\"column\" data-settings=\"{&quot;background_background&quot;:&quot;classic&quot;}\">\n\t\t\t<div class=\"elementor-widget-wrap elementor-element-populated\">\n\t\t\t\t\t\t<div class=\"elementor-element elementor-element-c69746a elementor-widget elementor-widget-text-editor\" data-id=\"c69746a\" data-element_type=\"widget\" data-widget_type=\"text-editor.default\">\n\t\t\t\t<div class=\"elementor-widget-container\">\n\t\t\t\t\t\t\t\t\t<p style=\"text-align: justify;\"><span style=\"font-size: 14pt; font-family: georgia, palatino, serif;\">De nombreuses applications ont \u00e9t\u00e9 faites dans le monde entier, dans les domaines de l\u2019\u00e9ducation, de la sant\u00e9, des arts, du d\u00e9veloppement durable et du dialogue entre science et religion. On trouve dans de nombreuses universit\u00e9s des programmes de doctorat en transdisciplinarit\u00e9. Actuellement, on peut dire que le mouvement international de transdisciplinarit\u00e9 est arriv\u00e9 \u00e0 maturit\u00e9 et que de nouvelles voies de recherche ont \u00e9t\u00e9 ouvertes. Le III Congr\u00e8s Mondial de Transdisciplinarit\u00e9 aura lieu au Mexique, en novembre 2022.<\/span><\/p><p style=\"text-align: justify;\"><span style=\"font-size: 14pt; font-family: georgia, palatino, serif;\">L\u00b4objectif de ce Congr\u00e8s consiste \u00e0 r\u00e9unir le plus grand nombre de participants de plusieurs institutions nationales et internationales, afin d&#8217;\u00e9tudier les derniers d\u00e9veloppements th\u00e9oriques et pratiques de la transdisciplinarit\u00e9 et de proposer de nouveaux mod\u00e8les th\u00e9oriques, exp\u00e9riences et actions pour faire face aux d\u00e9fis extraordinaires du 21e si\u00e8cle: \u00e9ducation plan\u00e9taire, transhumanisme, intelligence artificielle, technologies destructives, sant\u00e9, pauvret\u00e9, destruction de la diversit\u00e9 biologique, changement climatique, guerres, violence et autres probl\u00e8mes sans fin qui affligent les \u00eatres humains et tous les \u00eatres vivants sur notre plan\u00e8te.<\/span><\/p><h5 style=\"text-align: justify;\"><span style=\"color: #ffffff; font-size: 12pt; font-family: georgia, palatino, serif;\">1 Basarab Nicolescu, &#8220;Brief Chronology of Transdisciplinarity\u201d<\/span><br \/><span style=\"font-size: 12pt; font-family: georgia, palatino, serif;\"><span style=\"color: #ffffff;\">2 <\/span><a href=\"http:\/\/ciret-transdisciplinarity.org\/index_en.php\">http:\/\/ciret-transdisciplinarity.org\/index_en.php<\/a><\/span><br \/><span style=\"font-size: 12pt; font-family: georgia, palatino, serif;\"><span style=\"color: #ffffff;\">3<\/span>\u00a0<a href=\"http:\/\/ciret-transdisciplinarity.org\/chart.php#en\">http:\/\/ciret-transdisciplinarity.org\/chart.php#en<\/a><\/span><\/h5>\t\t\t\t\t\t\t\t<\/div>\n\t\t\t\t<\/div>\n\t\t\t\t\t<\/div>\n\t\t<\/div>\n\t\t\t\t\t<\/div>\n\t\t<\/section>\n\t\t\t\t<section class=\"elementor-section elementor-top-section elementor-element elementor-element-525c32ef elementor-section-boxed elementor-section-height-default elementor-section-height-default\" data-id=\"525c32ef\" data-element_type=\"section\" data-settings=\"{&quot;background_background&quot;:&quot;classic&quot;}\">\n\t\t\t\t\t\t\t<div class=\"elementor-background-overlay\"><\/div>\n\t\t\t\t\t\t\t<div class=\"elementor-container elementor-column-gap-default\">\n\t\t\t\t\t<div class=\"elementor-column elementor-col-100 elementor-top-column elementor-element elementor-element-6743e50b\" data-id=\"6743e50b\" data-element_type=\"column\">\n\t\t\t<div class=\"elementor-widget-wrap elementor-element-populated\">\n\t\t\t\t\t\t<section class=\"elementor-section elementor-inner-section elementor-element elementor-element-7d1e2163 elementor-section-height-min-height elementor-section-content-bottom elementor-section-boxed elementor-section-height-default\" data-id=\"7d1e2163\" data-element_type=\"section\">\n\t\t\t\t\t\t<div class=\"elementor-container elementor-column-gap-wider\">\n\t\t\t\t\t<div class=\"elementor-column elementor-col-50 elementor-inner-column elementor-element elementor-element-4561342f\" data-id=\"4561342f\" data-element_type=\"column\" data-settings=\"{&quot;background_background&quot;:&quot;classic&quot;}\">\n\t\t\t<div class=\"elementor-widget-wrap elementor-element-populated\">\n\t\t\t\t\t\t<div class=\"elementor-element elementor-element-59a6eeb elementor-align-center elementor-widget elementor-widget-button\" data-id=\"59a6eeb\" data-element_type=\"widget\" data-widget_type=\"button.default\">\n\t\t\t\t<div class=\"elementor-widget-container\">\n\t\t\t\t\t\t\t\t\t<div class=\"elementor-button-wrapper\">\n\t\t\t\t\t<a class=\"elementor-button elementor-button-link elementor-size-lg\" href=\"http:\/\/www.tercercongresomundialtransdisciplinariedad.mx\/fr\/comites\/\">\n\t\t\t\t\t\t<span class=\"elementor-button-content-wrapper\">\n\t\t\t\t\t\t\t\t\t<span class=\"elementor-button-text\">Comit\u00e9s\u200b<\/span>\n\t\t\t\t\t<\/span>\n\t\t\t\t\t<\/a>\n\t\t\t\t<\/div>\n\t\t\t\t\t\t\t\t<\/div>\n\t\t\t\t<\/div>\n\t\t\t\t\t<\/div>\n\t\t<\/div>\n\t\t\t\t<div class=\"elementor-column elementor-col-50 elementor-inner-column elementor-element elementor-element-41b157b8\" data-id=\"41b157b8\" data-element_type=\"column\" data-settings=\"{&quot;background_background&quot;:&quot;classic&quot;}\">\n\t\t\t<div class=\"elementor-widget-wrap elementor-element-populated\">\n\t\t\t\t\t\t<div class=\"elementor-element elementor-element-b6e2e15 elementor-align-center elementor-widget elementor-widget-button\" data-id=\"b6e2e15\" data-element_type=\"widget\" data-widget_type=\"button.default\">\n\t\t\t\t<div class=\"elementor-widget-container\">\n\t\t\t\t\t\t\t\t\t<div class=\"elementor-button-wrapper\">\n\t\t\t\t\t<a class=\"elementor-button elementor-button-link elementor-size-lg\" href=\"http:\/\/www.tercercongresomundialtransdisciplinariedad.mx\/fr\/documentos-historicos\/\">\n\t\t\t\t\t\t<span class=\"elementor-button-content-wrapper\">\n\t\t\t\t\t\t\t\t\t<span class=\"elementor-button-text\">Documents historiques<\/span>\n\t\t\t\t\t<\/span>\n\t\t\t\t\t<\/a>\n\t\t\t\t<\/div>\n\t\t\t\t\t\t\t\t<\/div>\n\t\t\t\t<\/div>\n\t\t\t\t\t<\/div>\n\t\t<\/div>\n\t\t\t\t\t<\/div>\n\t\t<\/section>\n\t\t\t\t\t<\/div>\n\t\t<\/div>\n\t\t\t\t\t<\/div>\n\t\t<\/section>\n\t\t\t\t<section class=\"elementor-section elementor-top-section elementor-element elementor-element-084fff3 elementor-section-boxed elementor-section-height-default elementor-section-height-default\" data-id=\"084fff3\" data-element_type=\"section\" data-settings=\"{&quot;background_background&quot;:&quot;classic&quot;}\">\n\t\t\t\t\t\t<div class=\"elementor-container elementor-column-gap-default\">\n\t\t\t\t\t<div class=\"elementor-column elementor-col-100 elementor-top-column elementor-element elementor-element-3d8b5a9\" data-id=\"3d8b5a9\" data-element_type=\"column\">\n\t\t\t<div class=\"elementor-widget-wrap elementor-element-populated\">\n\t\t\t\t\t\t<div class=\"elementor-element elementor-element-23f611c4 elementor-widget elementor-widget-heading\" data-id=\"23f611c4\" data-element_type=\"widget\" data-widget_type=\"heading.default\">\n\t\t\t\t<div class=\"elementor-widget-container\">\n\t\t\t\t\t<h2 class=\"elementor-heading-title elementor-size-xxl\">AXES TH\u00c9MATIQUES<\/h2>\t\t\t\t<\/div>\n\t\t\t\t<\/div>\n\t\t\t\t<div class=\"elementor-element elementor-element-e79ec5a elementor-arrows-position-inside elementor-pagination-position-outside elementor-widget elementor-widget-image-carousel\" data-id=\"e79ec5a\" data-element_type=\"widget\" data-settings=\"{&quot;slides_to_show&quot;:&quot;1&quot;,&quot;navigation&quot;:&quot;both&quot;,&quot;autoplay&quot;:&quot;yes&quot;,&quot;pause_on_hover&quot;:&quot;yes&quot;,&quot;pause_on_interaction&quot;:&quot;yes&quot;,&quot;autoplay_speed&quot;:5000,&quot;infinite&quot;:&quot;yes&quot;,&quot;effect&quot;:&quot;slide&quot;,&quot;speed&quot;:500}\" data-widget_type=\"image-carousel.default\">\n\t\t\t\t<div class=\"elementor-widget-container\">\n\t\t\t\t\t\t\t<div class=\"elementor-image-carousel-wrapper swiper\" role=\"region\" aria-roledescription=\"carousel\" aria-label=\"Carrusel de Im\u00e1genes\" dir=\"ltr\">\n\t\t\t<div class=\"elementor-image-carousel swiper-wrapper\" aria-live=\"off\">\n\t\t\t\t\t\t\t\t<div class=\"swiper-slide\" role=\"group\" aria-roledescription=\"slide\" aria-label=\"1 de 8\"><figure class=\"swiper-slide-inner\"><img decoding=\"async\" class=\"swiper-slide-image\" src=\"https:\/\/www.tercercongresomundialtransdisciplinariedad.mx\/fr\/wp-content\/uploads\/2022\/04\/EJE1_FR_-1024x369.jpg\" alt=\"EJE1_FR_\" \/><\/figure><\/div><div class=\"swiper-slide\" role=\"group\" aria-roledescription=\"slide\" aria-label=\"2 de 8\"><figure class=\"swiper-slide-inner\"><img decoding=\"async\" class=\"swiper-slide-image\" src=\"https:\/\/www.tercercongresomundialtransdisciplinariedad.mx\/fr\/wp-content\/uploads\/2022\/04\/EJE2_FR__-1024x370.jpg\" alt=\"EJE2_FR__\" \/><\/figure><\/div><div class=\"swiper-slide\" role=\"group\" aria-roledescription=\"slide\" aria-label=\"3 de 8\"><figure class=\"swiper-slide-inner\"><img decoding=\"async\" class=\"swiper-slide-image\" src=\"https:\/\/www.tercercongresomundialtransdisciplinariedad.mx\/fr\/wp-content\/uploads\/2022\/04\/EJE3_FR_-1024x370.jpg\" alt=\"EJE3_FR_\" \/><\/figure><\/div><div class=\"swiper-slide\" role=\"group\" aria-roledescription=\"slide\" aria-label=\"4 de 8\"><figure class=\"swiper-slide-inner\"><img decoding=\"async\" class=\"swiper-slide-image\" src=\"https:\/\/www.tercercongresomundialtransdisciplinariedad.mx\/fr\/wp-content\/uploads\/2022\/04\/EJE4_FR__-1024x369.jpg\" alt=\"EJE4_FR__\" \/><\/figure><\/div><div class=\"swiper-slide\" role=\"group\" aria-roledescription=\"slide\" aria-label=\"5 de 8\"><figure class=\"swiper-slide-inner\"><img decoding=\"async\" class=\"swiper-slide-image\" src=\"https:\/\/www.tercercongresomundialtransdisciplinariedad.mx\/fr\/wp-content\/uploads\/2022\/03\/EJE5_FR-1024x369.jpg\" alt=\"EJE5_FR\" \/><\/figure><\/div><div class=\"swiper-slide\" role=\"group\" aria-roledescription=\"slide\" aria-label=\"6 de 8\"><figure class=\"swiper-slide-inner\"><img decoding=\"async\" class=\"swiper-slide-image\" src=\"https:\/\/www.tercercongresomundialtransdisciplinariedad.mx\/fr\/wp-content\/uploads\/2022\/04\/EJE6_FR_-1024x370.jpg\" alt=\"EJE6_FR_\" \/><\/figure><\/div><div class=\"swiper-slide\" role=\"group\" aria-roledescription=\"slide\" aria-label=\"7 de 8\"><figure class=\"swiper-slide-inner\"><img decoding=\"async\" class=\"swiper-slide-image\" src=\"https:\/\/www.tercercongresomundialtransdisciplinariedad.mx\/fr\/wp-content\/uploads\/2022\/04\/EJE7_FR_-1024x369.jpg\" alt=\"EJE7_FR_\" \/><\/figure><\/div><div class=\"swiper-slide\" role=\"group\" aria-roledescription=\"slide\" aria-label=\"8 de 8\"><figure class=\"swiper-slide-inner\"><img decoding=\"async\" class=\"swiper-slide-image\" src=\"https:\/\/www.tercercongresomundialtransdisciplinariedad.mx\/fr\/wp-content\/uploads\/2022\/03\/EJE8_FR-1024x369.jpg\" alt=\"EJE8_FR\" \/><\/figure><\/div>\t\t\t<\/div>\n\t\t\t\t\t\t\t\t\t\t\t\t<div class=\"elementor-swiper-button elementor-swiper-button-prev\" role=\"button\" tabindex=\"0\">\n\t\t\t\t\t\t<i aria-hidden=\"true\" class=\"eicon-chevron-left\"><\/i>\t\t\t\t\t<\/div>\n\t\t\t\t\t<div class=\"elementor-swiper-button elementor-swiper-button-next\" role=\"button\" tabindex=\"0\">\n\t\t\t\t\t\t<i aria-hidden=\"true\" class=\"eicon-chevron-right\"><\/i>\t\t\t\t\t<\/div>\n\t\t\t\t\n\t\t\t\t\t\t\t\t\t<div class=\"swiper-pagination\"><\/div>\n\t\t\t\t\t\t\t\t\t<\/div>\n\t\t\t\t\t\t<\/div>\n\t\t\t\t<\/div>\n\t\t\t\t\t<\/div>\n\t\t<\/div>\n\t\t\t\t\t<\/div>\n\t\t<\/section>\n\t\t\t\t<section class=\"elementor-section elementor-top-section elementor-element elementor-element-3a7f296 elementor-section-boxed elementor-section-height-default elementor-section-height-default\" data-id=\"3a7f296\" data-element_type=\"section\">\n\t\t\t\t\t\t<div class=\"elementor-container elementor-column-gap-default\">\n\t\t\t\t\t<div class=\"elementor-column elementor-col-100 elementor-top-column elementor-element elementor-element-9e582a0\" data-id=\"9e582a0\" data-element_type=\"column\">\n\t\t\t<div class=\"elementor-widget-wrap elementor-element-populated\">\n\t\t\t\t\t\t<div class=\"elementor-element elementor-element-7782b48 elementor-widget elementor-widget-spacer\" data-id=\"7782b48\" data-element_type=\"widget\" data-widget_type=\"spacer.default\">\n\t\t\t\t<div class=\"elementor-widget-container\">\n\t\t\t\t\t\t\t<div class=\"elementor-spacer\">\n\t\t\t<div class=\"elementor-spacer-inner\"><\/div>\n\t\t<\/div>\n\t\t\t\t\t\t<\/div>\n\t\t\t\t<\/div>\n\t\t\t\t\t<\/div>\n\t\t<\/div>\n\t\t\t\t\t<\/div>\n\t\t<\/section>\n\t\t\t\t<section class=\"elementor-section elementor-top-section elementor-element elementor-element-36a8b89 elementor-section-height-min-height elementor-section-boxed elementor-section-height-default elementor-section-items-middle\" data-id=\"36a8b89\" data-element_type=\"section\" data-settings=\"{&quot;background_background&quot;:&quot;classic&quot;}\">\n\t\t\t\t\t\t<div class=\"elementor-container elementor-column-gap-default\">\n\t\t\t\t\t<div class=\"elementor-column elementor-col-100 elementor-top-column elementor-element elementor-element-67e0106\" data-id=\"67e0106\" data-element_type=\"column\">\n\t\t\t<div class=\"elementor-widget-wrap elementor-element-populated\">\n\t\t\t\t\t\t<div class=\"elementor-element elementor-element-73e2421 elementor-widget elementor-widget-heading\" data-id=\"73e2421\" data-element_type=\"widget\" data-widget_type=\"heading.default\">\n\t\t\t\t<div class=\"elementor-widget-container\">\n\t\t\t\t\t<h2 class=\"elementor-heading-title elementor-size-xxl\">PARTENAIRES ET SPONSORS<\/h2>\t\t\t\t<\/div>\n\t\t\t\t<\/div>\n\t\t\t\t\t<\/div>\n\t\t<\/div>\n\t\t\t\t\t<\/div>\n\t\t<\/section>\n\t\t\t\t<section class=\"elementor-section elementor-top-section elementor-element elementor-element-0ea9551 elementor-section-boxed elementor-section-height-default elementor-section-height-default\" data-id=\"0ea9551\" data-element_type=\"section\">\n\t\t\t\t\t\t<div class=\"elementor-container elementor-column-gap-default\">\n\t\t\t\t\t<div class=\"elementor-column elementor-col-100 elementor-top-column elementor-element elementor-element-408be98\" data-id=\"408be98\" data-element_type=\"column\">\n\t\t\t<div class=\"elementor-widget-wrap elementor-element-populated\">\n\t\t\t\t\t\t<div class=\"elementor-element elementor-element-a54b021 elementor-widget elementor-widget-spacer\" data-id=\"a54b021\" data-element_type=\"widget\" data-widget_type=\"spacer.default\">\n\t\t\t\t<div class=\"elementor-widget-container\">\n\t\t\t\t\t\t\t<div class=\"elementor-spacer\">\n\t\t\t<div class=\"elementor-spacer-inner\"><\/div>\n\t\t<\/div>\n\t\t\t\t\t\t<\/div>\n\t\t\t\t<\/div>\n\t\t\t\t\t<\/div>\n\t\t<\/div>\n\t\t\t\t\t<\/div>\n\t\t<\/section>\n\t\t\t\t<section class=\"elementor-section elementor-top-section elementor-element elementor-element-c4ca33d elementor-section-boxed elementor-section-height-default elementor-section-height-default\" data-id=\"c4ca33d\" data-element_type=\"section\">\n\t\t\t\t\t\t<div class=\"elementor-container elementor-column-gap-default\">\n\t\t\t\t\t<div class=\"elementor-column elementor-col-25 elementor-top-column elementor-element elementor-element-58cfcfd\" data-id=\"58cfcfd\" data-element_type=\"column\">\n\t\t\t<div class=\"elementor-widget-wrap elementor-element-populated\">\n\t\t\t\t\t\t<div class=\"elementor-element elementor-element-15be194 elementor-absolute elementor-widget elementor-widget-image\" data-id=\"15be194\" data-element_type=\"widget\" data-settings=\"{&quot;_position&quot;:&quot;absolute&quot;}\" data-widget_type=\"image.default\">\n\t\t\t\t<div class=\"elementor-widget-container\">\n\t\t\t\t\t\t\t\t\t\t\t\t\t\t\t<img loading=\"lazy\" decoding=\"async\" width=\"1024\" height=\"205\" src=\"https:\/\/www.tercercongresomundialtransdisciplinariedad.mx\/fr\/wp-content\/uploads\/2020\/03\/1-LOGO-Sec-Cultura-1024x205.png\" class=\"attachment-large size-large wp-image-1641\" alt=\"\" srcset=\"https:\/\/www.tercercongresomundialtransdisciplinariedad.mx\/fr\/wp-content\/uploads\/2020\/03\/1-LOGO-Sec-Cultura-1024x205.png 1024w, https:\/\/www.tercercongresomundialtransdisciplinariedad.mx\/fr\/wp-content\/uploads\/2020\/03\/1-LOGO-Sec-Cultura-300x60.png 300w, https:\/\/www.tercercongresomundialtransdisciplinariedad.mx\/fr\/wp-content\/uploads\/2020\/03\/1-LOGO-Sec-Cultura-768x154.png 768w, https:\/\/www.tercercongresomundialtransdisciplinariedad.mx\/fr\/wp-content\/uploads\/2020\/03\/1-LOGO-Sec-Cultura.png 1280w\" sizes=\"(max-width: 1024px) 100vw, 1024px\" \/>\t\t\t\t\t\t\t\t\t\t\t\t\t\t\t<\/div>\n\t\t\t\t<\/div>\n\t\t\t\t\t<\/div>\n\t\t<\/div>\n\t\t\t\t<div class=\"elementor-column elementor-col-25 elementor-top-column elementor-element elementor-element-5975c75\" data-id=\"5975c75\" data-element_type=\"column\">\n\t\t\t<div class=\"elementor-widget-wrap elementor-element-populated\">\n\t\t\t\t\t\t<div class=\"elementor-element elementor-element-3a72896 elementor-widget elementor-widget-image\" data-id=\"3a72896\" data-element_type=\"widget\" data-widget_type=\"image.default\">\n\t\t\t\t<div class=\"elementor-widget-container\">\n\t\t\t\t\t\t\t\t\t\t\t\t\t\t\t<img loading=\"lazy\" decoding=\"async\" width=\"1024\" height=\"367\" src=\"https:\/\/www.tercercongresomundialtransdisciplinariedad.mx\/fr\/wp-content\/uploads\/2020\/03\/2-LOG_INAH-1024x367.png\" class=\"attachment-large size-large wp-image-1642\" alt=\"\" srcset=\"https:\/\/www.tercercongresomundialtransdisciplinariedad.mx\/fr\/wp-content\/uploads\/2020\/03\/2-LOG_INAH-1024x367.png 1024w, https:\/\/www.tercercongresomundialtransdisciplinariedad.mx\/fr\/wp-content\/uploads\/2020\/03\/2-LOG_INAH-300x107.png 300w, https:\/\/www.tercercongresomundialtransdisciplinariedad.mx\/fr\/wp-content\/uploads\/2020\/03\/2-LOG_INAH-768x275.png 768w, https:\/\/www.tercercongresomundialtransdisciplinariedad.mx\/fr\/wp-content\/uploads\/2020\/03\/2-LOG_INAH.png 1156w\" sizes=\"(max-width: 1024px) 100vw, 1024px\" \/>\t\t\t\t\t\t\t\t\t\t\t\t\t\t\t<\/div>\n\t\t\t\t<\/div>\n\t\t\t\t\t<\/div>\n\t\t<\/div>\n\t\t\t\t<div class=\"elementor-column elementor-col-25 elementor-top-column elementor-element elementor-element-9f39be5\" data-id=\"9f39be5\" data-element_type=\"column\">\n\t\t\t<div class=\"elementor-widget-wrap elementor-element-populated\">\n\t\t\t\t\t\t<div class=\"elementor-element elementor-element-8654324 elementor-widget elementor-widget-image\" data-id=\"8654324\" data-element_type=\"widget\" data-widget_type=\"image.default\">\n\t\t\t\t<div class=\"elementor-widget-container\">\n\t\t\t\t\t\t\t\t\t\t\t\t\t\t\t<img loading=\"lazy\" decoding=\"async\" width=\"408\" height=\"155\" src=\"https:\/\/www.tercercongresomundialtransdisciplinariedad.mx\/fr\/wp-content\/uploads\/2020\/03\/3-Logo-ENAH.png\" class=\"attachment-large size-large wp-image-1643\" alt=\"\" srcset=\"https:\/\/www.tercercongresomundialtransdisciplinariedad.mx\/fr\/wp-content\/uploads\/2020\/03\/3-Logo-ENAH.png 408w, https:\/\/www.tercercongresomundialtransdisciplinariedad.mx\/fr\/wp-content\/uploads\/2020\/03\/3-Logo-ENAH-300x114.png 300w\" sizes=\"(max-width: 408px) 100vw, 408px\" \/>\t\t\t\t\t\t\t\t\t\t\t\t\t\t\t<\/div>\n\t\t\t\t<\/div>\n\t\t\t\t\t<\/div>\n\t\t<\/div>\n\t\t\t\t<div class=\"elementor-column elementor-col-25 elementor-top-column elementor-element elementor-element-70771d7\" data-id=\"70771d7\" data-element_type=\"column\">\n\t\t\t<div class=\"elementor-widget-wrap elementor-element-populated\">\n\t\t\t\t\t\t<div class=\"elementor-element elementor-element-0e22be7 elementor-widget elementor-widget-image\" data-id=\"0e22be7\" data-element_type=\"widget\" data-widget_type=\"image.default\">\n\t\t\t\t<div class=\"elementor-widget-container\">\n\t\t\t\t\t\t\t\t\t\t\t\t\t\t\t<img loading=\"lazy\" decoding=\"async\" width=\"702\" height=\"139\" src=\"https:\/\/www.tercercongresomundialtransdisciplinariedad.mx\/fr\/wp-content\/uploads\/2020\/03\/4-logo-CIRET.png\" class=\"attachment-large size-large wp-image-1644\" alt=\"\" srcset=\"https:\/\/www.tercercongresomundialtransdisciplinariedad.mx\/fr\/wp-content\/uploads\/2020\/03\/4-logo-CIRET.png 702w, https:\/\/www.tercercongresomundialtransdisciplinariedad.mx\/fr\/wp-content\/uploads\/2020\/03\/4-logo-CIRET-300x59.png 300w\" sizes=\"(max-width: 702px) 100vw, 702px\" \/>\t\t\t\t\t\t\t\t\t\t\t\t\t\t\t<\/div>\n\t\t\t\t<\/div>\n\t\t\t\t\t<\/div>\n\t\t<\/div>\n\t\t\t\t\t<\/div>\n\t\t<\/section>\n\t\t\t\t<section class=\"elementor-section elementor-top-section elementor-element elementor-element-23c7363 elementor-section-content-middle elementor-section-boxed elementor-section-height-default elementor-section-height-default\" data-id=\"23c7363\" data-element_type=\"section\">\n\t\t\t\t\t\t<div class=\"elementor-container elementor-column-gap-default\">\n\t\t\t\t\t<div class=\"elementor-column elementor-col-33 elementor-top-column elementor-element elementor-element-413150e\" data-id=\"413150e\" data-element_type=\"column\">\n\t\t\t<div class=\"elementor-widget-wrap elementor-element-populated\">\n\t\t\t\t\t\t<div class=\"elementor-element elementor-element-4a20b3c elementor-widget elementor-widget-image\" data-id=\"4a20b3c\" data-element_type=\"widget\" data-widget_type=\"image.default\">\n\t\t\t\t<div class=\"elementor-widget-container\">\n\t\t\t\t\t\t\t\t\t\t\t\t\t\t\t<img loading=\"lazy\" decoding=\"async\" width=\"1024\" height=\"632\" src=\"https:\/\/www.tercercongresomundialtransdisciplinariedad.mx\/fr\/wp-content\/uploads\/2020\/03\/5-Logo-Multiversidad-1024x632.png\" class=\"attachment-large size-large wp-image-1645\" alt=\"\" srcset=\"https:\/\/www.tercercongresomundialtransdisciplinariedad.mx\/fr\/wp-content\/uploads\/2020\/03\/5-Logo-Multiversidad-1024x632.png 1024w, https:\/\/www.tercercongresomundialtransdisciplinariedad.mx\/fr\/wp-content\/uploads\/2020\/03\/5-Logo-Multiversidad-300x185.png 300w, https:\/\/www.tercercongresomundialtransdisciplinariedad.mx\/fr\/wp-content\/uploads\/2020\/03\/5-Logo-Multiversidad-768x474.png 768w\" sizes=\"(max-width: 1024px) 100vw, 1024px\" \/>\t\t\t\t\t\t\t\t\t\t\t\t\t\t\t<\/div>\n\t\t\t\t<\/div>\n\t\t\t\t\t<\/div>\n\t\t<\/div>\n\t\t\t\t<div class=\"elementor-column elementor-col-33 elementor-top-column elementor-element elementor-element-c39d30b\" data-id=\"c39d30b\" data-element_type=\"column\">\n\t\t\t<div class=\"elementor-widget-wrap elementor-element-populated\">\n\t\t\t\t\t\t<div class=\"elementor-element elementor-element-6074bfd elementor-widget elementor-widget-image\" data-id=\"6074bfd\" data-element_type=\"widget\" data-widget_type=\"image.default\">\n\t\t\t\t<div class=\"elementor-widget-container\">\n\t\t\t\t\t\t\t\t\t\t\t\t\t\t\t<img loading=\"lazy\" decoding=\"async\" width=\"1024\" height=\"410\" src=\"https:\/\/www.tercercongresomundialtransdisciplinariedad.mx\/fr\/wp-content\/uploads\/2020\/03\/7-Logo-UNESCO-Italia-1024x410.png\" class=\"attachment-large size-large wp-image-1647\" alt=\"\" srcset=\"https:\/\/www.tercercongresomundialtransdisciplinariedad.mx\/fr\/wp-content\/uploads\/2020\/03\/7-Logo-UNESCO-Italia-1024x410.png 1024w, https:\/\/www.tercercongresomundialtransdisciplinariedad.mx\/fr\/wp-content\/uploads\/2020\/03\/7-Logo-UNESCO-Italia-300x120.png 300w, https:\/\/www.tercercongresomundialtransdisciplinariedad.mx\/fr\/wp-content\/uploads\/2020\/03\/7-Logo-UNESCO-Italia-768x307.png 768w\" sizes=\"(max-width: 1024px) 100vw, 1024px\" \/>\t\t\t\t\t\t\t\t\t\t\t\t\t\t\t<\/div>\n\t\t\t\t<\/div>\n\t\t\t\t\t<\/div>\n\t\t<\/div>\n\t\t\t\t<div class=\"elementor-column elementor-col-33 elementor-top-column elementor-element elementor-element-c62ebdf\" data-id=\"c62ebdf\" data-element_type=\"column\">\n\t\t\t<div class=\"elementor-widget-wrap elementor-element-populated\">\n\t\t\t\t\t\t<div class=\"elementor-element elementor-element-757d699 elementor-widget elementor-widget-image\" data-id=\"757d699\" data-element_type=\"widget\" data-widget_type=\"image.default\">\n\t\t\t\t<div class=\"elementor-widget-container\">\n\t\t\t\t\t\t\t\t\t\t\t\t\t\t\t<img loading=\"lazy\" decoding=\"async\" width=\"465\" height=\"512\" src=\"https:\/\/www.tercercongresomundialtransdisciplinariedad.mx\/fr\/wp-content\/uploads\/2020\/03\/6-Logo-Univ-Chihuahua.png\" class=\"attachment-large size-large wp-image-1646\" alt=\"\" srcset=\"https:\/\/www.tercercongresomundialtransdisciplinariedad.mx\/fr\/wp-content\/uploads\/2020\/03\/6-Logo-Univ-Chihuahua.png 465w, https:\/\/www.tercercongresomundialtransdisciplinariedad.mx\/fr\/wp-content\/uploads\/2020\/03\/6-Logo-Univ-Chihuahua-272x300.png 272w\" sizes=\"(max-width: 465px) 100vw, 465px\" \/>\t\t\t\t\t\t\t\t\t\t\t\t\t\t\t<\/div>\n\t\t\t\t<\/div>\n\t\t\t\t\t<\/div>\n\t\t<\/div>\n\t\t\t\t\t<\/div>\n\t\t<\/section>\n\t\t\t\t<section class=\"elementor-section elementor-top-section elementor-element elementor-element-5b7d6d7 elementor-section-content-middle elementor-section-boxed elementor-section-height-default elementor-section-height-default\" data-id=\"5b7d6d7\" data-element_type=\"section\">\n\t\t\t\t\t\t<div class=\"elementor-container elementor-column-gap-default\">\n\t\t\t\t\t<div class=\"elementor-column elementor-col-33 elementor-top-column elementor-element elementor-element-e473376\" data-id=\"e473376\" data-element_type=\"column\">\n\t\t\t<div class=\"elementor-widget-wrap elementor-element-populated\">\n\t\t\t\t\t\t<div class=\"elementor-element elementor-element-00e3774 elementor-widget elementor-widget-image\" data-id=\"00e3774\" data-element_type=\"widget\" data-widget_type=\"image.default\">\n\t\t\t\t<div class=\"elementor-widget-container\">\n\t\t\t\t\t\t\t\t\t\t\t\t\t\t\t<img loading=\"lazy\" decoding=\"async\" width=\"1016\" height=\"906\" src=\"https:\/\/www.tercercongresomundialtransdisciplinariedad.mx\/fr\/wp-content\/uploads\/2020\/03\/10-Logo-CETRANS.png\" class=\"attachment-large size-large wp-image-1650\" alt=\"\" srcset=\"https:\/\/www.tercercongresomundialtransdisciplinariedad.mx\/fr\/wp-content\/uploads\/2020\/03\/10-Logo-CETRANS.png 1016w, https:\/\/www.tercercongresomundialtransdisciplinariedad.mx\/fr\/wp-content\/uploads\/2020\/03\/10-Logo-CETRANS-300x268.png 300w, https:\/\/www.tercercongresomundialtransdisciplinariedad.mx\/fr\/wp-content\/uploads\/2020\/03\/10-Logo-CETRANS-768x685.png 768w\" sizes=\"(max-width: 1016px) 100vw, 1016px\" \/>\t\t\t\t\t\t\t\t\t\t\t\t\t\t\t<\/div>\n\t\t\t\t<\/div>\n\t\t\t\t\t<\/div>\n\t\t<\/div>\n\t\t\t\t<div class=\"elementor-column elementor-col-33 elementor-top-column elementor-element elementor-element-0c6c34f\" data-id=\"0c6c34f\" data-element_type=\"column\">\n\t\t\t<div class=\"elementor-widget-wrap elementor-element-populated\">\n\t\t\t\t\t\t<div class=\"elementor-element elementor-element-097bb39 elementor-widget elementor-widget-image\" data-id=\"097bb39\" data-element_type=\"widget\" data-widget_type=\"image.default\">\n\t\t\t\t<div class=\"elementor-widget-container\">\n\t\t\t\t\t\t\t\t\t\t\t\t\t\t\t<img loading=\"lazy\" decoding=\"async\" width=\"150\" height=\"150\" src=\"https:\/\/www.tercercongresomundialtransdisciplinariedad.mx\/fr\/wp-content\/uploads\/2022\/04\/Logo-TDComplexa-01-150x150.jpg\" class=\"attachment-thumbnail size-thumbnail wp-image-3546\" alt=\"\" \/>\t\t\t\t\t\t\t\t\t\t\t\t\t\t\t<\/div>\n\t\t\t\t<\/div>\n\t\t\t\t\t<\/div>\n\t\t<\/div>\n\t\t\t\t<div class=\"elementor-column elementor-col-33 elementor-top-column elementor-element elementor-element-9abbf63\" data-id=\"9abbf63\" data-element_type=\"column\">\n\t\t\t<div class=\"elementor-widget-wrap elementor-element-populated\">\n\t\t\t\t\t\t<div class=\"elementor-element elementor-element-db54607 elementor-widget elementor-widget-image\" data-id=\"db54607\" data-element_type=\"widget\" data-widget_type=\"image.default\">\n\t\t\t\t<div class=\"elementor-widget-container\">\n\t\t\t\t\t\t\t\t\t\t\t\t\t\t\t<img loading=\"lazy\" decoding=\"async\" width=\"619\" height=\"274\" src=\"https:\/\/www.tercercongresomundialtransdisciplinariedad.mx\/fr\/wp-content\/uploads\/2020\/11\/IBERO.png\" class=\"attachment-large size-large wp-image-2025\" alt=\"\" srcset=\"https:\/\/www.tercercongresomundialtransdisciplinariedad.mx\/fr\/wp-content\/uploads\/2020\/11\/IBERO.png 619w, https:\/\/www.tercercongresomundialtransdisciplinariedad.mx\/fr\/wp-content\/uploads\/2020\/11\/IBERO-300x133.png 300w\" sizes=\"(max-width: 619px) 100vw, 619px\" \/>\t\t\t\t\t\t\t\t\t\t\t\t\t\t\t<\/div>\n\t\t\t\t<\/div>\n\t\t\t\t\t<\/div>\n\t\t<\/div>\n\t\t\t\t\t<\/div>\n\t\t<\/section>\n\t\t\t\t<section class=\"elementor-section elementor-top-section elementor-element elementor-element-6d212e6 elementor-section-content-middle elementor-section-boxed elementor-section-height-default elementor-section-height-default\" data-id=\"6d212e6\" data-element_type=\"section\">\n\t\t\t\t\t\t<div class=\"elementor-container elementor-column-gap-default\">\n\t\t\t\t\t<div class=\"elementor-column elementor-col-33 elementor-top-column elementor-element elementor-element-5097dcf\" data-id=\"5097dcf\" data-element_type=\"column\">\n\t\t\t<div class=\"elementor-widget-wrap elementor-element-populated\">\n\t\t\t\t\t\t<div class=\"elementor-element elementor-element-01d5f55 elementor-widget elementor-widget-image\" data-id=\"01d5f55\" data-element_type=\"widget\" data-widget_type=\"image.default\">\n\t\t\t\t<div class=\"elementor-widget-container\">\n\t\t\t\t\t\t\t\t\t\t\t\t\t\t\t<img loading=\"lazy\" decoding=\"async\" width=\"1024\" height=\"576\" src=\"https:\/\/www.tercercongresomundialtransdisciplinariedad.mx\/fr\/wp-content\/uploads\/2020\/11\/LOGO-REFICA-TEMP-BUENO--1024x576.png\" class=\"attachment-large size-large wp-image-2026\" alt=\"\" srcset=\"https:\/\/www.tercercongresomundialtransdisciplinariedad.mx\/fr\/wp-content\/uploads\/2020\/11\/LOGO-REFICA-TEMP-BUENO--1024x576.png 1024w, https:\/\/www.tercercongresomundialtransdisciplinariedad.mx\/fr\/wp-content\/uploads\/2020\/11\/LOGO-REFICA-TEMP-BUENO--300x169.png 300w, https:\/\/www.tercercongresomundialtransdisciplinariedad.mx\/fr\/wp-content\/uploads\/2020\/11\/LOGO-REFICA-TEMP-BUENO--768x432.png 768w, https:\/\/www.tercercongresomundialtransdisciplinariedad.mx\/fr\/wp-content\/uploads\/2020\/11\/LOGO-REFICA-TEMP-BUENO-.png 1366w\" sizes=\"(max-width: 1024px) 100vw, 1024px\" \/>\t\t\t\t\t\t\t\t\t\t\t\t\t\t\t<\/div>\n\t\t\t\t<\/div>\n\t\t\t\t\t<\/div>\n\t\t<\/div>\n\t\t\t\t<div class=\"elementor-column elementor-col-33 elementor-top-column elementor-element elementor-element-f4827cf\" data-id=\"f4827cf\" data-element_type=\"column\">\n\t\t\t<div class=\"elementor-widget-wrap elementor-element-populated\">\n\t\t\t\t\t\t<div class=\"elementor-element elementor-element-4b1352f elementor-widget elementor-widget-image\" data-id=\"4b1352f\" data-element_type=\"widget\" data-widget_type=\"image.default\">\n\t\t\t\t<div class=\"elementor-widget-container\">\n\t\t\t\t\t\t\t\t\t\t\t\t\t\t\t<img loading=\"lazy\" decoding=\"async\" width=\"793\" height=\"1024\" src=\"https:\/\/www.tercercongresomundialtransdisciplinariedad.mx\/fr\/wp-content\/uploads\/2020\/03\/11-Logo-UNIPAZ-793x1024.png\" class=\"attachment-large size-large wp-image-1651\" alt=\"\" srcset=\"https:\/\/www.tercercongresomundialtransdisciplinariedad.mx\/fr\/wp-content\/uploads\/2020\/03\/11-Logo-UNIPAZ-793x1024.png 793w, https:\/\/www.tercercongresomundialtransdisciplinariedad.mx\/fr\/wp-content\/uploads\/2020\/03\/11-Logo-UNIPAZ-232x300.png 232w, https:\/\/www.tercercongresomundialtransdisciplinariedad.mx\/fr\/wp-content\/uploads\/2020\/03\/11-Logo-UNIPAZ-768x992.png 768w, https:\/\/www.tercercongresomundialtransdisciplinariedad.mx\/fr\/wp-content\/uploads\/2020\/03\/11-Logo-UNIPAZ.png 1682w\" sizes=\"(max-width: 793px) 100vw, 793px\" \/>\t\t\t\t\t\t\t\t\t\t\t\t\t\t\t<\/div>\n\t\t\t\t<\/div>\n\t\t\t\t\t<\/div>\n\t\t<\/div>\n\t\t\t\t<div class=\"elementor-column elementor-col-33 elementor-top-column elementor-element elementor-element-eb69938\" data-id=\"eb69938\" data-element_type=\"column\">\n\t\t\t<div class=\"elementor-widget-wrap elementor-element-populated\">\n\t\t\t\t\t\t<div class=\"elementor-element elementor-element-fd2b897 elementor-widget elementor-widget-image\" data-id=\"fd2b897\" data-element_type=\"widget\" data-widget_type=\"image.default\">\n\t\t\t\t<div class=\"elementor-widget-container\">\n\t\t\t\t\t\t\t\t\t\t\t\t\t\t\t<img loading=\"lazy\" decoding=\"async\" width=\"1024\" height=\"1014\" src=\"https:\/\/www.tercercongresomundialtransdisciplinariedad.mx\/fr\/wp-content\/uploads\/2021\/04\/LogoFortunato1-1024x1014.png\" class=\"attachment-large size-large wp-image-2311\" alt=\"\" srcset=\"https:\/\/www.tercercongresomundialtransdisciplinariedad.mx\/fr\/wp-content\/uploads\/2021\/04\/LogoFortunato1-1024x1014.png 1024w, https:\/\/www.tercercongresomundialtransdisciplinariedad.mx\/fr\/wp-content\/uploads\/2021\/04\/LogoFortunato1-300x297.png 300w, https:\/\/www.tercercongresomundialtransdisciplinariedad.mx\/fr\/wp-content\/uploads\/2021\/04\/LogoFortunato1-150x150.png 150w, https:\/\/www.tercercongresomundialtransdisciplinariedad.mx\/fr\/wp-content\/uploads\/2021\/04\/LogoFortunato1-768x761.png 768w, https:\/\/www.tercercongresomundialtransdisciplinariedad.mx\/fr\/wp-content\/uploads\/2021\/04\/LogoFortunato1.png 1149w\" sizes=\"(max-width: 1024px) 100vw, 1024px\" \/>\t\t\t\t\t\t\t\t\t\t\t\t\t\t\t<\/div>\n\t\t\t\t<\/div>\n\t\t\t\t\t<\/div>\n\t\t<\/div>\n\t\t\t\t\t<\/div>\n\t\t<\/section>\n\t\t\t\t<section class=\"elementor-section elementor-top-section elementor-element elementor-element-ed8066d elementor-section-content-middle elementor-section-boxed elementor-section-height-default elementor-section-height-default\" data-id=\"ed8066d\" data-element_type=\"section\">\n\t\t\t\t\t\t<div class=\"elementor-container elementor-column-gap-default\">\n\t\t\t\t\t<div class=\"elementor-column elementor-col-33 elementor-top-column elementor-element elementor-element-b5e1e2f\" data-id=\"b5e1e2f\" data-element_type=\"column\">\n\t\t\t<div class=\"elementor-widget-wrap elementor-element-populated\">\n\t\t\t\t\t\t<div class=\"elementor-element elementor-element-f6924d1 elementor-widget elementor-widget-image\" data-id=\"f6924d1\" data-element_type=\"widget\" data-widget_type=\"image.default\">\n\t\t\t\t<div class=\"elementor-widget-container\">\n\t\t\t\t\t\t\t\t\t\t\t\t\t\t\t<img loading=\"lazy\" decoding=\"async\" width=\"500\" height=\"441\" src=\"https:\/\/www.tercercongresomundialtransdisciplinariedad.mx\/fr\/wp-content\/uploads\/2020\/03\/UAEM.png\" class=\"attachment-large size-large wp-image-1670\" alt=\"\" srcset=\"https:\/\/www.tercercongresomundialtransdisciplinariedad.mx\/fr\/wp-content\/uploads\/2020\/03\/UAEM.png 500w, https:\/\/www.tercercongresomundialtransdisciplinariedad.mx\/fr\/wp-content\/uploads\/2020\/03\/UAEM-300x265.png 300w\" sizes=\"(max-width: 500px) 100vw, 500px\" \/>\t\t\t\t\t\t\t\t\t\t\t\t\t\t\t<\/div>\n\t\t\t\t<\/div>\n\t\t\t\t\t<\/div>\n\t\t<\/div>\n\t\t\t\t<div class=\"elementor-column elementor-col-33 elementor-top-column elementor-element elementor-element-a53dc44\" data-id=\"a53dc44\" data-element_type=\"column\">\n\t\t\t<div class=\"elementor-widget-wrap elementor-element-populated\">\n\t\t\t\t\t\t<div class=\"elementor-element elementor-element-04e7af7 elementor-widget elementor-widget-image\" data-id=\"04e7af7\" data-element_type=\"widget\" data-widget_type=\"image.default\">\n\t\t\t\t<div class=\"elementor-widget-container\">\n\t\t\t\t\t\t\t\t\t\t\t\t\t\t\t<img loading=\"lazy\" decoding=\"async\" width=\"712\" height=\"574\" src=\"https:\/\/www.tercercongresomundialtransdisciplinariedad.mx\/fr\/wp-content\/uploads\/2020\/03\/14-Logo-UAM-Xochimilco.png\" class=\"attachment-large size-large wp-image-1654\" alt=\"\" srcset=\"https:\/\/www.tercercongresomundialtransdisciplinariedad.mx\/fr\/wp-content\/uploads\/2020\/03\/14-Logo-UAM-Xochimilco.png 712w, https:\/\/www.tercercongresomundialtransdisciplinariedad.mx\/fr\/wp-content\/uploads\/2020\/03\/14-Logo-UAM-Xochimilco-300x242.png 300w\" sizes=\"(max-width: 712px) 100vw, 712px\" \/>\t\t\t\t\t\t\t\t\t\t\t\t\t\t\t<\/div>\n\t\t\t\t<\/div>\n\t\t\t\t\t<\/div>\n\t\t<\/div>\n\t\t\t\t<div class=\"elementor-column elementor-col-33 elementor-top-column elementor-element elementor-element-349ae86\" data-id=\"349ae86\" data-element_type=\"column\">\n\t\t\t<div class=\"elementor-widget-wrap elementor-element-populated\">\n\t\t\t\t\t\t<div class=\"elementor-element elementor-element-e5592b9 elementor-widget elementor-widget-image\" data-id=\"e5592b9\" data-element_type=\"widget\" data-widget_type=\"image.default\">\n\t\t\t\t<div class=\"elementor-widget-container\">\n\t\t\t\t\t\t\t\t\t\t\t\t\t\t\t<img loading=\"lazy\" decoding=\"async\" width=\"694\" height=\"286\" src=\"https:\/\/www.tercercongresomundialtransdisciplinariedad.mx\/fr\/wp-content\/uploads\/2020\/03\/Logo-UNAM-Diversidad.png\" class=\"attachment-large size-large wp-image-1671\" alt=\"\" srcset=\"https:\/\/www.tercercongresomundialtransdisciplinariedad.mx\/fr\/wp-content\/uploads\/2020\/03\/Logo-UNAM-Diversidad.png 694w, https:\/\/www.tercercongresomundialtransdisciplinariedad.mx\/fr\/wp-content\/uploads\/2020\/03\/Logo-UNAM-Diversidad-300x124.png 300w\" sizes=\"(max-width: 694px) 100vw, 694px\" \/>\t\t\t\t\t\t\t\t\t\t\t\t\t\t\t<\/div>\n\t\t\t\t<\/div>\n\t\t\t\t\t<\/div>\n\t\t<\/div>\n\t\t\t\t\t<\/div>\n\t\t<\/section>\n\t\t\t\t<section class=\"elementor-section elementor-top-section elementor-element elementor-element-d462db7 elementor-section-content-middle elementor-section-boxed elementor-section-height-default elementor-section-height-default\" data-id=\"d462db7\" data-element_type=\"section\">\n\t\t\t\t\t\t<div class=\"elementor-container elementor-column-gap-default\">\n\t\t\t\t\t<div class=\"elementor-column elementor-col-33 elementor-top-column elementor-element elementor-element-cc5b2ae\" data-id=\"cc5b2ae\" data-element_type=\"column\">\n\t\t\t<div class=\"elementor-widget-wrap elementor-element-populated\">\n\t\t\t\t\t\t<div class=\"elementor-element elementor-element-a32aa0b elementor-widget elementor-widget-image\" data-id=\"a32aa0b\" data-element_type=\"widget\" data-widget_type=\"image.default\">\n\t\t\t\t<div class=\"elementor-widget-container\">\n\t\t\t\t\t\t\t\t\t\t\t\t\t\t\t<img loading=\"lazy\" decoding=\"async\" width=\"768\" height=\"252\" src=\"https:\/\/www.tercercongresomundialtransdisciplinariedad.mx\/fr\/wp-content\/uploads\/2020\/07\/logo_vectores_ICONOS-02-768x252.png\" class=\"attachment-medium_large size-medium_large wp-image-1743\" alt=\"ICONOS, Instituto de Investigaci\u00f3n en Comunicaci\u00f3n y Cultura\" srcset=\"https:\/\/www.tercercongresomundialtransdisciplinariedad.mx\/fr\/wp-content\/uploads\/2020\/07\/logo_vectores_ICONOS-02-768x252.png 768w, https:\/\/www.tercercongresomundialtransdisciplinariedad.mx\/fr\/wp-content\/uploads\/2020\/07\/logo_vectores_ICONOS-02-300x98.png 300w, https:\/\/www.tercercongresomundialtransdisciplinariedad.mx\/fr\/wp-content\/uploads\/2020\/07\/logo_vectores_ICONOS-02-1024x336.png 1024w\" sizes=\"(max-width: 768px) 100vw, 768px\" \/>\t\t\t\t\t\t\t\t\t\t\t\t\t\t\t<\/div>\n\t\t\t\t<\/div>\n\t\t\t\t\t<\/div>\n\t\t<\/div>\n\t\t\t\t<div class=\"elementor-column elementor-col-33 elementor-top-column elementor-element elementor-element-472bfa5\" data-id=\"472bfa5\" data-element_type=\"column\">\n\t\t\t<div class=\"elementor-widget-wrap elementor-element-populated\">\n\t\t\t\t\t\t<div class=\"elementor-element elementor-element-7e89eb1 e-transform elementor-widget elementor-widget-image\" data-id=\"7e89eb1\" data-element_type=\"widget\" data-settings=\"{&quot;_transform_scale_effect&quot;:{&quot;unit&quot;:&quot;px&quot;,&quot;size&quot;:0.5,&quot;sizes&quot;:[]},&quot;_transform_scale_effect_tablet&quot;:{&quot;unit&quot;:&quot;px&quot;,&quot;size&quot;:&quot;&quot;,&quot;sizes&quot;:[]},&quot;_transform_scale_effect_mobile&quot;:{&quot;unit&quot;:&quot;px&quot;,&quot;size&quot;:&quot;&quot;,&quot;sizes&quot;:[]}}\" data-widget_type=\"image.default\">\n\t\t\t\t<div class=\"elementor-widget-container\">\n\t\t\t\t\t\t\t\t\t\t\t\t\t\t\t<img loading=\"lazy\" decoding=\"async\" width=\"1024\" height=\"280\" src=\"https:\/\/www.tercercongresomundialtransdisciplinariedad.mx\/fr\/wp-content\/uploads\/2020\/03\/8-C\u00e1tedra-UNESCO-iisue-1024x280.png\" class=\"attachment-large size-large wp-image-1648\" alt=\"\" srcset=\"https:\/\/www.tercercongresomundialtransdisciplinariedad.mx\/fr\/wp-content\/uploads\/2020\/03\/8-C\u00e1tedra-UNESCO-iisue-1024x280.png 1024w, https:\/\/www.tercercongresomundialtransdisciplinariedad.mx\/fr\/wp-content\/uploads\/2020\/03\/8-C\u00e1tedra-UNESCO-iisue-300x82.png 300w, https:\/\/www.tercercongresomundialtransdisciplinariedad.mx\/fr\/wp-content\/uploads\/2020\/03\/8-C\u00e1tedra-UNESCO-iisue-768x210.png 768w\" sizes=\"(max-width: 1024px) 100vw, 1024px\" \/>\t\t\t\t\t\t\t\t\t\t\t\t\t\t\t<\/div>\n\t\t\t\t<\/div>\n\t\t\t\t\t<\/div>\n\t\t<\/div>\n\t\t\t\t<div class=\"elementor-column elementor-col-33 elementor-top-column elementor-element elementor-element-0cd4208\" data-id=\"0cd4208\" data-element_type=\"column\">\n\t\t\t<div class=\"elementor-widget-wrap elementor-element-populated\">\n\t\t\t\t\t\t\t<\/div>\n\t\t<\/div>\n\t\t\t\t\t<\/div>\n\t\t<\/section>\n\t\t\t\t<section class=\"elementor-section elementor-top-section elementor-element elementor-element-dbdc6d6 elementor-section-boxed elementor-section-height-default elementor-section-height-default\" data-id=\"dbdc6d6\" data-element_type=\"section\">\n\t\t\t\t\t\t<div class=\"elementor-container elementor-column-gap-default\">\n\t\t\t\t\t<div class=\"elementor-column elementor-col-100 elementor-top-column elementor-element elementor-element-5b9f217\" data-id=\"5b9f217\" data-element_type=\"column\">\n\t\t\t<div class=\"elementor-widget-wrap elementor-element-populated\">\n\t\t\t\t\t\t<div class=\"elementor-element elementor-element-c06f46e elementor-shape-circle e-grid-align-right elementor-grid-0 elementor-widget elementor-widget-social-icons\" data-id=\"c06f46e\" data-element_type=\"widget\" data-widget_type=\"social-icons.default\">\n\t\t\t\t<div class=\"elementor-widget-container\">\n\t\t\t\t\t\t\t<div class=\"elementor-social-icons-wrapper elementor-grid\" role=\"list\">\n\t\t\t\t\t\t\t<span class=\"elementor-grid-item\" role=\"listitem\">\n\t\t\t\t\t<a class=\"elementor-icon elementor-social-icon elementor-social-icon-facebook elementor-repeater-item-1415c1a\" href=\"https:\/\/www.facebook.com\/3CMTr\/\" target=\"_blank\">\n\t\t\t\t\t\t<span class=\"elementor-screen-only\">Facebook<\/span>\n\t\t\t\t\t\t<i aria-hidden=\"true\" class=\"fab fa-facebook\"><\/i>\t\t\t\t\t<\/a>\n\t\t\t\t<\/span>\n\t\t\t\t\t\t\t<span class=\"elementor-grid-item\" role=\"listitem\">\n\t\t\t\t\t<a class=\"elementor-icon elementor-social-icon elementor-social-icon-twitter elementor-repeater-item-3a70fff\" href=\"https:\/\/twitter.com\/3CMTr\" target=\"_blank\">\n\t\t\t\t\t\t<span class=\"elementor-screen-only\">Twitter<\/span>\n\t\t\t\t\t\t<i aria-hidden=\"true\" class=\"fab fa-twitter\"><\/i>\t\t\t\t\t<\/a>\n\t\t\t\t<\/span>\n\t\t\t\t\t\t\t<span class=\"elementor-grid-item\" role=\"listitem\">\n\t\t\t\t\t<a class=\"elementor-icon elementor-social-icon elementor-social-icon-instagram elementor-repeater-item-bcef125\" href=\"https:\/\/www.instagram.com\/tercercongresomundial\/\" target=\"_blank\">\n\t\t\t\t\t\t<span class=\"elementor-screen-only\">Instagram<\/span>\n\t\t\t\t\t\t<i aria-hidden=\"true\" class=\"fab fa-instagram\"><\/i>\t\t\t\t\t<\/a>\n\t\t\t\t<\/span>\n\t\t\t\t\t\t\t<span class=\"elementor-grid-item\" role=\"listitem\">\n\t\t\t\t\t<a class=\"elementor-icon elementor-social-icon elementor-social-icon-youtube elementor-repeater-item-a5ff4fc\" href=\"https:\/\/www.youtube.com\/channel\/UCfGtN25i2-eo3hrYvvQgPJw\" target=\"_blank\">\n\t\t\t\t\t\t<span class=\"elementor-screen-only\">Youtube<\/span>\n\t\t\t\t\t\t<i aria-hidden=\"true\" class=\"fab fa-youtube\"><\/i>\t\t\t\t\t<\/a>\n\t\t\t\t<\/span>\n\t\t\t\t\t<\/div>\n\t\t\t\t\t\t<\/div>\n\t\t\t\t<\/div>\n\t\t\t\t\t<\/div>\n\t\t<\/div>\n\t\t\t\t\t<\/div>\n\t\t<\/section>\n\t\t\t\t<\/div>\n\t\t","protected":false},"excerpt":{"rendered":"<div class=\"slide-text-bg2\"><span>Invitation Forum Social Mondial 2024 ATTENTION! NOUVELLE CIRCULAIRE RAPPORT IMPORTANT 1. En raison des conditions nationales et internationales de la pand?<\/span><\/div>\n<div class=\"slide-btn-area-sm\"><a href=\"https:\/\/www.tercercongresomundialtransdisciplinariedad.mx\/fr\/\" class=\"slide-btn-sm\">Leer m\u00e1s<\/a><\/div>\n","protected":false},"author":1,"featured_media":0,"parent":9,"menu_order":0,"comment_status":"closed","ping_status":"closed","template":"elementor_header_footer","meta":{"footnotes":""},"class_list":["post-288","page","type-page","status-publish","hentry"],"_links":{"self":[{"href":"https:\/\/www.tercercongresomundialtransdisciplinariedad.mx\/fr\/wp-json\/wp\/v2\/pages\/288","targetHints":{"allow":["GET"]}}],"collection":[{"href":"https:\/\/www.tercercongresomundialtransdisciplinariedad.mx\/fr\/wp-json\/wp\/v2\/pages"}],"about":[{"href":"https:\/\/www.tercercongresomundialtransdisciplinariedad.mx\/fr\/wp-json\/wp\/v2\/types\/page"}],"author":[{"embeddable":true,"href":"https:\/\/www.tercercongresomundialtransdisciplinariedad.mx\/fr\/wp-json\/wp\/v2\/users\/1"}],"replies":[{"embeddable":true,"href":"https:\/\/www.tercercongresomundialtransdisciplinariedad.mx\/fr\/wp-json\/wp\/v2\/comments?post=288"}],"version-history":[{"count":10,"href":"https:\/\/www.tercercongresomundialtransdisciplinariedad.mx\/fr\/wp-json\/wp\/v2\/pages\/288\/revisions"}],"predecessor-version":[{"id":3708,"href":"https:\/\/www.tercercongresomundialtransdisciplinariedad.mx\/fr\/wp-json\/wp\/v2\/pages\/288\/revisions\/3708"}],"up":[{"embeddable":true,"href":"https:\/\/www.tercercongresomundialtransdisciplinariedad.mx\/fr\/wp-json\/wp\/v2\/pages\/9"}],"wp:attachment":[{"href":"https:\/\/www.tercercongresomundialtransdisciplinariedad.mx\/fr\/wp-json\/wp\/v2\/media?parent=288"}],"curies":[{"name":"wp","href":"https:\/\/api.w.org\/{rel}","templated":true}]}}